{"id":1033,"date":"2022-08-18T17:58:03","date_gmt":"2022-08-18T17:58:03","guid":{"rendered":"https:\/\/isabelcarnicer.com\/?page_id=1033"},"modified":"2022-09-07T18:15:21","modified_gmt":"2022-09-07T18:15:21","slug":"versions-estratos-untitled","status":"publish","type":"page","link":"https:\/\/isabelcarnicer.com\/en\/versions-estratos-untitled\/","title":{"rendered":"Versions Estratos Untitled"},"content":{"rendered":"<div class=\"wpb-content-wrapper\"><p>[vc_row row_height_percent=\u00bb0&#8243; overlay_alpha=\u00bb50&#8243; gutter_size=\u00bb3&#8243; column_width_percent=\u00bb100&#8243; shift_y=\u00bb0&#8243; z_index=\u00bb0&#8243; uncode_shortcode_id=\u00bb120239&#8243; row_name=\u00bbexposiciones\u00bb][vc_column width=\u00bb1\/1&#8243;][vc_custom_heading text_color=\u00bbcolor-179178&#8243; text_font=\u00bbfont-111996&#8243; text_weight=\u00bb400&#8243; uncode_shortcode_id=\u00bb821790&#8243; text_color_type=\u00bbuncode-palette\u00bb]estratos versions. untitled[\/vc_custom_heading][\/vc_column][\/vc_row][vc_row][vc_column width=\u00bb1\/3&#8243;][vc_single_image media=\u00bb1117&#8243; media_lightbox=\u00bbyes\u00bb media_width_percent=\u00bb100&#8243; lbox_skin=\u00bbwhite\u00bb lbox_transparency=\u00bbopaque\u00bb lbox_no_tmb=\u00bbyes,yes\u00bb lbox_connected=\u00bbyes\u00bb uncode_shortcode_id=\u00bb664284&#8243;][vc_column_text uncode_shortcode_id=\u00bb228323&#8243;]<span style=\"color: #990000;\"><em>Version 1<\/em><\/span>[\/vc_column_text][\/vc_column][vc_column width=\u00bb1\/3&#8243;][vc_single_image media=\u00bb1118&#8243; media_lightbox=\u00bbyes\u00bb media_width_percent=\u00bb100&#8243; lbox_skin=\u00bbwhite\u00bb lbox_transparency=\u00bbopaque\u00bb lbox_no_tmb=\u00bbyes,yes\u00bb lbox_connected=\u00bbyes\u00bb uncode_shortcode_id=\u00bb120005&#8243;][vc_column_text uncode_shortcode_id=\u00bb184590&#8243;]<span style=\"color: #990000;\"><em>Version 2<\/em><\/span>[\/vc_column_text][\/vc_column][vc_column width=\u00bb1\/3&#8243;][vc_single_image media=\u00bb1108&#8243; media_lightbox=\u00bbyes\u00bb media_width_percent=\u00bb100&#8243; lbox_skin=\u00bbwhite\u00bb lbox_transparency=\u00bbopaque\u00bb lbox_no_tmb=\u00bbyes,yes\u00bb lbox_connected=\u00bbyes\u00bb uncode_shortcode_id=\u00bb185226&#8243;][vc_column_text uncode_shortcode_id=\u00bb183380&#8243;]<span style=\"color: #990000;\"><em>Version 3<\/em><\/span>[\/vc_column_text][\/vc_column][\/vc_row][vc_row][vc_column width=\u00bb1\/3&#8243;][vc_single_image media=\u00bb1109&#8243; media_lightbox=\u00bbyes\u00bb media_width_percent=\u00bb100&#8243; lbox_skin=\u00bbwhite\u00bb lbox_transparency=\u00bbopaque\u00bb lbox_no_tmb=\u00bbyes,yes\u00bb lbox_connected=\u00bbyes\u00bb uncode_shortcode_id=\u00bb148429&#8243;][vc_column_text uncode_shortcode_id=\u00bb171134&#8243;]<span style=\"color: #990000;\"><em>Version 4<\/em><\/span>[\/vc_column_text][\/vc_column][vc_column width=\u00bb1\/3&#8243;][vc_single_image media=\u00bb1111&#8243; media_lightbox=\u00bbyes\u00bb media_width_percent=\u00bb100&#8243; lbox_skin=\u00bbwhite\u00bb lbox_transparency=\u00bbopaque\u00bb lbox_no_tmb=\u00bbyes,yes\u00bb lbox_connected=\u00bbyes\u00bb uncode_shortcode_id=\u00bb105277&#8243;][vc_column_text uncode_shortcode_id=\u00bb962177&#8243;]<span style=\"color: #990000;\"><em>Version 5<\/em><\/span>[\/vc_column_text][\/vc_column][vc_column width=\u00bb1\/3&#8243;][vc_single_image media=\u00bb1110&#8243; media_lightbox=\u00bbyes\u00bb media_width_percent=\u00bb100&#8243; lbox_skin=\u00bbwhite\u00bb lbox_transparency=\u00bbopaque\u00bb lbox_no_tmb=\u00bbyes,yes\u00bb lbox_connected=\u00bbyes\u00bb uncode_shortcode_id=\u00bb210988&#8243;][vc_column_text uncode_shortcode_id=\u00bb852717&#8243;]<span style=\"color: #990000;\"><em>Version 6<\/em><\/span>[\/vc_column_text][\/vc_column][\/vc_row][vc_row][vc_column width=\u00bb1\/1&#8243;][vc_button button_color=\u00bbcolor-179178&#8243; wide=\u00bbyes\u00bb border_width=\u00bb0&#8243; link=\u00bburl:https%3A%2F%2Fisabelcarnicer.com%2Fen%2Festratos%2F\u00bb button_color_type=\u00bbuncode-palette\u00bb uncode_shortcode_id=\u00bb159402&#8243;]come back to the collection[\/vc_button][\/vc_column][\/vc_row][vc_row][vc_column width=\u00bb1\/1&#8243;][uncode_block id=\u00bb809&#8243;][\/vc_column][\/vc_row]<\/p>\n<\/div>","protected":false},"excerpt":{"rendered":"<p>[vc_row row_height_percent=\u00bb0&#8243; overlay_alpha=\u00bb50&#8243; gutter_size=\u00bb3&#8243; column_width_percent=\u00bb100&#8243; shift_y=\u00bb0&#8243; z_index=\u00bb0&#8243; uncode_shortcode_id=\u00bb120239&#8243; row_name=\u00bbexposiciones\u00bb][vc_column width=\u00bb1\/1&#8243;][vc_custom_heading text_color=\u00bbcolor-179178&#8243; text_font=\u00bbfont-111996&#8243; text_weight=\u00bb400&#8243; uncode_shortcode_id=\u00bb821790&#8243; text_color_type=\u00bbuncode-palette\u00bb]estratos versions. untitled[\/vc_custom_heading][\/vc_column][\/vc_row][vc_row][vc_column width=\u00bb1\/3&#8243;][vc_single_image media=\u00bb1117&#8243; media_lightbox=\u00bbyes\u00bb [&hellip;]<\/p>\n","protected":false},"author":1,"featured_media":0,"parent":0,"menu_order":0,"comment_status":"closed","ping_status":"closed","template":"","meta":{"footnotes":""},"class_list":["post-1033","page","type-page","status-publish","hentry"],"yoast_head":"<!-- This site is optimized with the Yoast SEO plugin v27.2 - https:\/\/yoast.com\/product\/yoast-seo-wordpress\/ -->\n<title>Versions Estratos Untitled - Isabel Carnicer. Artista<\/title>\n<meta name=\"robots\" content=\"index, follow, max-snippet:-1, max-image-preview:large, max-video-preview:-1\" \/>\n<link rel=\"canonical\" href=\"https:\/\/isabelcarnicer.com\/en\/versions-estratos-untitled\/\" \/>\n<meta property=\"og:locale\" content=\"es_ES\" \/>\n<meta property=\"og:type\" content=\"article\" \/>\n<meta property=\"og:title\" content=\"Versions Estratos Untitled - Isabel Carnicer. Artista\" \/>\n<meta property=\"og:description\" content=\"[vc_row row_height_percent=\u00bb0&#8243; overlay_alpha=\u00bb50&#8243; gutter_size=\u00bb3&#8243; column_width_percent=\u00bb100&#8243; shift_y=\u00bb0&#8243; z_index=\u00bb0&#8243; uncode_shortcode_id=\u00bb120239&#8243; row_name=\u00bbexposiciones\u00bb][vc_column width=\u00bb1\/1&#8243;][vc_custom_heading text_color=\u00bbcolor-179178&#8243; text_font=\u00bbfont-111996&#8243; text_weight=\u00bb400&#8243; uncode_shortcode_id=\u00bb821790&#8243; text_color_type=\u00bbuncode-palette\u00bb]estratos versions. untitled[\/vc_custom_heading][\/vc_column][\/vc_row][vc_row][vc_column width=\u00bb1\/3&#8243;][vc_single_image media=\u00bb1117&#8243; media_lightbox=\u00bbyes\u00bb [&hellip;]\" \/>\n<meta property=\"og:url\" content=\"https:\/\/isabelcarnicer.com\/en\/versions-estratos-untitled\/\" \/>\n<meta property=\"og:site_name\" content=\"Isabel Carnicer. Artista\" \/>\n<meta property=\"article:modified_time\" content=\"2022-09-07T18:15:21+00:00\" \/>\n<meta name=\"twitter:card\" content=\"summary_large_image\" \/>\n<meta name=\"twitter:label1\" content=\"Tiempo de lectura\" \/>\n\t<meta name=\"twitter:data1\" content=\"1 minuto\" \/>\n<script type=\"application\/ld+json\" class=\"yoast-schema-graph\">{\"@context\":\"https:\/\/schema.org\",\"@graph\":[{\"@type\":\"WebPage\",\"@id\":\"https:\/\/isabelcarnicer.com\/en\/versions-estratos-untitled\/\",\"url\":\"https:\/\/isabelcarnicer.com\/en\/versions-estratos-untitled\/\",\"name\":\"Versions Estratos Untitled - Isabel Carnicer. Artista\",\"isPartOf\":{\"@id\":\"https:\/\/isabelcarnicer.com\/en\/#website\"},\"datePublished\":\"2022-08-18T17:58:03+00:00\",\"dateModified\":\"2022-09-07T18:15:21+00:00\",\"breadcrumb\":{\"@id\":\"https:\/\/isabelcarnicer.com\/en\/versions-estratos-untitled\/#breadcrumb\"},\"inLanguage\":\"es\",\"potentialAction\":[{\"@type\":\"ReadAction\",\"target\":[\"https:\/\/isabelcarnicer.com\/en\/versions-estratos-untitled\/\"]}]},{\"@type\":\"BreadcrumbList\",\"@id\":\"https:\/\/isabelcarnicer.com\/en\/versions-estratos-untitled\/#breadcrumb\",\"itemListElement\":[{\"@type\":\"ListItem\",\"position\":1,\"name\":\"Portada\",\"item\":\"https:\/\/isabelcarnicer.com\/en\/\"},{\"@type\":\"ListItem\",\"position\":2,\"name\":\"Versions Estratos Untitled\"}]},{\"@type\":\"WebSite\",\"@id\":\"https:\/\/isabelcarnicer.com\/en\/#website\",\"url\":\"https:\/\/isabelcarnicer.com\/en\/\",\"name\":\"Isabel Carnicer. Artista\",\"description\":\"Collage, el \u00faltimo proyecto de Isabel Carnicer, estar\u00e1 expuesto en #LaParedRojadeLaF\u00e1brica\",\"publisher\":{\"@id\":\"https:\/\/isabelcarnicer.com\/en\/#\/schema\/person\/dfd14b0f0081f3d777c945a5a4a86d83\"},\"potentialAction\":[{\"@type\":\"SearchAction\",\"target\":{\"@type\":\"EntryPoint\",\"urlTemplate\":\"https:\/\/isabelcarnicer.com\/en\/?s={search_term_string}\"},\"query-input\":{\"@type\":\"PropertyValueSpecification\",\"valueRequired\":true,\"valueName\":\"search_term_string\"}}],\"inLanguage\":\"es\"},{\"@type\":[\"Person\",\"Organization\"],\"@id\":\"https:\/\/isabelcarnicer.com\/en\/#\/schema\/person\/dfd14b0f0081f3d777c945a5a4a86d83\",\"name\":\"Isabel Carnicer\",\"image\":{\"@type\":\"ImageObject\",\"inLanguage\":\"es\",\"@id\":\"https:\/\/isabelcarnicer.com\/en\/wp-content\/uploads\/2017\/11\/favicon.png\",\"url\":\"https:\/\/isabelcarnicer.com\/en\/wp-content\/uploads\/2017\/11\/favicon.png\",\"contentUrl\":\"https:\/\/isabelcarnicer.com\/en\/wp-content\/uploads\/2017\/11\/favicon.png\",\"width\":288,\"height\":288,\"caption\":\"Isabel Carnicer\"},\"logo\":{\"@id\":\"https:\/\/isabelcarnicer.com\/en\/wp-content\/uploads\/2017\/11\/favicon.png\"}}]}<\/script>\n<!-- \/ Yoast SEO plugin. -->","yoast_head_json":{"title":"Versions Estratos Untitled - Isabel Carnicer. Artista","robots":{"index":"index","follow":"follow","max-snippet":"max-snippet:-1","max-image-preview":"max-image-preview:large","max-video-preview":"max-video-preview:-1"},"canonical":"https:\/\/isabelcarnicer.com\/en\/versions-estratos-untitled\/","og_locale":"es_ES","og_type":"article","og_title":"Versions Estratos Untitled - Isabel Carnicer. Artista","og_description":"[vc_row row_height_percent=\u00bb0&#8243; overlay_alpha=\u00bb50&#8243; gutter_size=\u00bb3&#8243; column_width_percent=\u00bb100&#8243; shift_y=\u00bb0&#8243; z_index=\u00bb0&#8243; uncode_shortcode_id=\u00bb120239&#8243; row_name=\u00bbexposiciones\u00bb][vc_column width=\u00bb1\/1&#8243;][vc_custom_heading text_color=\u00bbcolor-179178&#8243; text_font=\u00bbfont-111996&#8243; text_weight=\u00bb400&#8243; uncode_shortcode_id=\u00bb821790&#8243; text_color_type=\u00bbuncode-palette\u00bb]estratos versions. untitled[\/vc_custom_heading][\/vc_column][\/vc_row][vc_row][vc_column width=\u00bb1\/3&#8243;][vc_single_image media=\u00bb1117&#8243; media_lightbox=\u00bbyes\u00bb [&hellip;]","og_url":"https:\/\/isabelcarnicer.com\/en\/versions-estratos-untitled\/","og_site_name":"Isabel Carnicer. Artista","article_modified_time":"2022-09-07T18:15:21+00:00","twitter_card":"summary_large_image","twitter_misc":{"Tiempo de lectura":"1 minuto"},"schema":{"@context":"https:\/\/schema.org","@graph":[{"@type":"WebPage","@id":"https:\/\/isabelcarnicer.com\/en\/versions-estratos-untitled\/","url":"https:\/\/isabelcarnicer.com\/en\/versions-estratos-untitled\/","name":"Versions Estratos Untitled - Isabel Carnicer. Artista","isPartOf":{"@id":"https:\/\/isabelcarnicer.com\/en\/#website"},"datePublished":"2022-08-18T17:58:03+00:00","dateModified":"2022-09-07T18:15:21+00:00","breadcrumb":{"@id":"https:\/\/isabelcarnicer.com\/en\/versions-estratos-untitled\/#breadcrumb"},"inLanguage":"es","potentialAction":[{"@type":"ReadAction","target":["https:\/\/isabelcarnicer.com\/en\/versions-estratos-untitled\/"]}]},{"@type":"BreadcrumbList","@id":"https:\/\/isabelcarnicer.com\/en\/versions-estratos-untitled\/#breadcrumb","itemListElement":[{"@type":"ListItem","position":1,"name":"Portada","item":"https:\/\/isabelcarnicer.com\/en\/"},{"@type":"ListItem","position":2,"name":"Versions Estratos Untitled"}]},{"@type":"WebSite","@id":"https:\/\/isabelcarnicer.com\/en\/#website","url":"https:\/\/isabelcarnicer.com\/en\/","name":"Isabel Carnicer. Artista","description":"Collage, el \u00faltimo proyecto de Isabel Carnicer, estar\u00e1 expuesto en #LaParedRojadeLaF\u00e1brica","publisher":{"@id":"https:\/\/isabelcarnicer.com\/en\/#\/schema\/person\/dfd14b0f0081f3d777c945a5a4a86d83"},"potentialAction":[{"@type":"SearchAction","target":{"@type":"EntryPoint","urlTemplate":"https:\/\/isabelcarnicer.com\/en\/?s={search_term_string}"},"query-input":{"@type":"PropertyValueSpecification","valueRequired":true,"valueName":"search_term_string"}}],"inLanguage":"es"},{"@type":["Person","Organization"],"@id":"https:\/\/isabelcarnicer.com\/en\/#\/schema\/person\/dfd14b0f0081f3d777c945a5a4a86d83","name":"Isabel Carnicer","image":{"@type":"ImageObject","inLanguage":"es","@id":"https:\/\/isabelcarnicer.com\/en\/wp-content\/uploads\/2017\/11\/favicon.png","url":"https:\/\/isabelcarnicer.com\/en\/wp-content\/uploads\/2017\/11\/favicon.png","contentUrl":"https:\/\/isabelcarnicer.com\/en\/wp-content\/uploads\/2017\/11\/favicon.png","width":288,"height":288,"caption":"Isabel Carnicer"},"logo":{"@id":"https:\/\/isabelcarnicer.com\/en\/wp-content\/uploads\/2017\/11\/favicon.png"}}]}},"_links":{"self":[{"href":"https:\/\/isabelcarnicer.com\/en\/wp-json\/wp\/v2\/pages\/1033","targetHints":{"allow":["GET"]}}],"collection":[{"href":"https:\/\/isabelcarnicer.com\/en\/wp-json\/wp\/v2\/pages"}],"about":[{"href":"https:\/\/isabelcarnicer.com\/en\/wp-json\/wp\/v2\/types\/page"}],"author":[{"embeddable":true,"href":"https:\/\/isabelcarnicer.com\/en\/wp-json\/wp\/v2\/users\/1"}],"replies":[{"embeddable":true,"href":"https:\/\/isabelcarnicer.com\/en\/wp-json\/wp\/v2\/comments?post=1033"}],"version-history":[{"count":11,"href":"https:\/\/isabelcarnicer.com\/en\/wp-json\/wp\/v2\/pages\/1033\/revisions"}],"predecessor-version":[{"id":1132,"href":"https:\/\/isabelcarnicer.com\/en\/wp-json\/wp\/v2\/pages\/1033\/revisions\/1132"}],"wp:attachment":[{"href":"https:\/\/isabelcarnicer.com\/en\/wp-json\/wp\/v2\/media?parent=1033"}],"curies":[{"name":"wp","href":"https:\/\/api.w.org\/{rel}","templated":true}]}}