{"id":1356,"date":"2025-09-04T14:16:54","date_gmt":"2025-09-04T14:16:54","guid":{"rendered":"https:\/\/isabelcarnicer.com\/en\/?page_id=1356"},"modified":"2026-01-15T15:09:39","modified_gmt":"2026-01-15T15:09:39","slug":"isabel-carnicer","status":"publish","type":"page","link":"https:\/\/isabelcarnicer.com\/en\/isabel-carnicer\/","title":{"rendered":"isabel carnicer"},"content":{"rendered":"<div class=\"wpb-content-wrapper\"><p>[vc_row][vc_column width=\u00bb1\/2&#8243;][vc_single_image media=\u00bb694&#8243; media_width_percent=\u00bb100&#8243; uncode_shortcode_id=\u00bb139472&#8243;][\/vc_column][vc_column column_width_percent=\u00bb100&#8243; position_vertical=\u00bbmiddle\u00bb align_horizontal=\u00bbalign_center\u00bb gutter_size=\u00bb3&#8243; overlay_alpha=\u00bb50&#8243; shift_x=\u00bb0&#8243; shift_y=\u00bb0&#8243; shift_y_down=\u00bb0&#8243; z_index=\u00bb0&#8243; medium_width=\u00bb0&#8243; mobile_width=\u00bb0&#8243; width=\u00bb1\/2&#8243; uncode_shortcode_id=\u00bb784394&#8243;][vc_custom_heading text_color=\u00bbcolor-179178&#8243; heading_semantic=\u00bbh1&#8243; text_font=\u00bbfont-111996&#8243; text_size=\u00bbh1&#8243; text_weight=\u00bb400&#8243; uncode_shortcode_id=\u00bb931878&#8243; text_color_type=\u00bbuncode-palette\u00bb]Isabel G. Carnicer[\/vc_custom_heading][vc_column_text text_color=\u00bbcolor-179178&#8243; uncode_shortcode_id=\u00bb127070&#8243; text_color_type=\u00bbuncode-palette\u00bb]Madrid[\/vc_column_text][vc_button button_color=\u00bbcolor-179178&#8243; size=\u00bbbtn-lg\u00bb radius=\u00bbbtn-round\u00bb outline=\u00bbyes\u00bb border_width=\u00bb0&#8243; button_color_type=\u00bbuncode-palette\u00bb uncode_shortcode_id=\u00bb395594&#8243; link=\u00bburl:%23expo\u00bb]EXHIBITIONS[\/vc_button][\/vc_column][\/vc_row][vc_row row_height_percent=\u00bb0&#8243; overlay_alpha=\u00bb50&#8243; gutter_size=\u00bb3&#8243; column_width_percent=\u00bb100&#8243; shift_y=\u00bb0&#8243; z_index=\u00bb0&#8243; content_parallax=\u00bb0&#8243; uncode_shortcode_id=\u00bb117019&#8243; row_name=\u00bbexpo\u00bb][vc_column column_width_percent=\u00bb100&#8243; gutter_size=\u00bb3&#8243; override_padding=\u00bbyes\u00bb column_padding=\u00bb2&#8243; overlay_alpha=\u00bb50&#8243; shift_x=\u00bb0&#8243; shift_y=\u00bb0&#8243; shift_y_down=\u00bb0&#8243; z_index=\u00bb0&#8243; medium_width=\u00bb0&#8243; mobile_width=\u00bb0&#8243; width=\u00bb1\/1&#8243; uncode_shortcode_id=\u00bb169261&#8243;][vc_custom_heading text_color=\u00bbcolor-179178&#8243; text_font=\u00bbfont-111996&#8243; text_weight=\u00bb400&#8243; uncode_shortcode_id=\u00bb144655&#8243; text_color_type=\u00bbuncode-palette\u00bb]collective exhibitions[\/vc_custom_heading][vc_row_inner][vc_column_inner column_width_percent=\u00bb100&#8243; gutter_size=\u00bb3&#8243; override_padding=\u00bbyes\u00bb column_padding=\u00bb2&#8243; overlay_alpha=\u00bb50&#8243; shift_x=\u00bb0&#8243; shift_y=\u00bb0&#8243; shift_y_down=\u00bb0&#8243; z_index=\u00bb0&#8243; medium_width=\u00bb0&#8243; mobile_width=\u00bb0&#8243; width=\u00bb1\/2&#8243; uncode_shortcode_id=\u00bb283950&#8243;][vc_column_text uncode_shortcode_id=\u00bb138897&#8243;]<strong>2026<br \/>\n<\/strong>\u201cLa Invernada\u00bb\u00a0Espacio Tpc Moon. (Madrid)<strong><br \/>\n<\/strong><\/p>\n<p><strong>2026<br \/>\n<\/strong>\u201cHorizontes\u201d, Studio RGF. (Madrid)<\/p>\n<p><strong>2025<br \/>\n<\/strong>Francisco Duayer Art Gallery, (Madrid)<\/p>\n<p><strong>2025<br \/>\n<\/strong>\u201cCuatro en di\u00e1logo\u201d, Centro Dotacional de Arganzuela \u00c1ngel del R\u00edo (Madrid)<\/p>\n<p data-start=\"118\" data-end=\"172\"><strong data-start=\"118\" data-end=\"126\">2025<\/strong><br data-start=\"126\" data-end=\"129\" \/>\u201cProfundidades\u201d, Studio RGF. (Madrid)<\/p>\n<p data-start=\"174\" data-end=\"258\"><strong data-start=\"174\" data-end=\"182\">2025<\/strong><br data-start=\"182\" data-end=\"185\" \/>\u201cLa posmodernidad explicada de pe a pa\u201d, Espacio Tpc Moon. (Madrid)<\/p>\n<p data-start=\"260\" data-end=\"322\"><strong data-start=\"260\" data-end=\"268\">2024<\/strong><br data-start=\"268\" data-end=\"271\" \/>\u201cHojas de hiedra\u201d, Espacio Tpc Moon. (Madrid)<\/p>\n<p data-start=\"324\" data-end=\"388\"><strong data-start=\"324\" data-end=\"332\">2024<\/strong><br data-start=\"332\" data-end=\"335\" \/>\u201cRevenant\u201d, Est_Art Space. (Alcobendas, Madrid)<\/p>\n<p data-start=\"390\" data-end=\"455\"><strong data-start=\"390\" data-end=\"398\">2023<\/strong><br data-start=\"398\" data-end=\"401\" \/>\u201cHeterotop\u00eda T\u00f3pica\u201d, Espacio Tpc Moon. (Madrid)<\/p>\n<p data-start=\"457\" data-end=\"575\"><strong data-start=\"457\" data-end=\"465\">2023<\/strong><br data-start=\"465\" data-end=\"468\" \/>\u201cArquitecturas Imaginarias\u201d, Studio RGF. (Madrid)<br data-start=\"521\" data-end=\"524\" \/>\u201cJard\u00edn Blasco-Perujo\u201d, (Majadahonda, Madrid)<\/p>\n<p data-start=\"577\" data-end=\"633\"><strong data-start=\"577\" data-end=\"585\">2022<\/strong><br data-start=\"585\" data-end=\"588\" \/>\u201cB\u00fasqueda y Azar\u201d, Studio RGF. (Madrid)<\/p>\n<p data-start=\"635\" data-end=\"739\"><strong data-start=\"635\" data-end=\"643\">2013<\/strong><br data-start=\"643\" data-end=\"646\" \/>\u201cPintoras del Siglo XXI\u201d, Exhibition Hall of the Retiro District Headquarters, (Madrid)<\/p>\n<p data-start=\"741\" data-end=\"816\"><strong data-start=\"741\" data-end=\"749\">2009<\/strong><br data-start=\"749\" data-end=\"752\" \/>\u201cArt-madrid 09\u201d, Stand Galer\u00eda Alexandra Irigoyen. Madrid.<\/p>\n<p data-start=\"818\" data-end=\"938\"><strong data-start=\"818\" data-end=\"826\">2008<\/strong><br data-start=\"826\" data-end=\"829\" \/>\u201cXXXIX Edici\u00f3n de Premios Ciudad de Alcal\u00e1 de Pintura\u201d, Capilla del Oidor (Alcal\u00e1 de Henares \u2013 Madrid).<\/p>\n<p data-start=\"940\" data-end=\"1237\"><strong data-start=\"940\" data-end=\"948\">2007<\/strong><br data-start=\"948\" data-end=\"951\" \/>\u201cXXXVIII Edici\u00f3n de Premios Ciudad de Alcal\u00e1 de Pintura\u201d, Capilla del Oidor (Alcal\u00e1 de Henares \u2013 Madrid).<br data-start=\"1060\" data-end=\"1063\" \/>\u201c74 Sal\u00f3n de Oto\u00f1o\u201d, Temporary Exhibition Hall of the Museo Casa de la Moneda (Madrid).<br data-start=\"1154\" data-end=\"1157\" \/>\u201cXVII Certamen de Artes Pl\u00e1sticas de la UNED\u201d, Instituto Franc\u00e9s, (Madrid)<\/p>\n<p>[\/vc_column_text][\/vc_column_inner][vc_column_inner column_width_percent=\u00bb100&#8243; gutter_size=\u00bb3&#8243; override_padding=\u00bbyes\u00bb column_padding=\u00bb2&#8243; overlay_alpha=\u00bb50&#8243; shift_x=\u00bb0&#8243; shift_y=\u00bb0&#8243; shift_y_down=\u00bb0&#8243; z_index=\u00bb0&#8243; medium_width=\u00bb0&#8243; mobile_width=\u00bb0&#8243; width=\u00bb1\/2&#8243; uncode_shortcode_id=\u00bb934772&#8243;][vc_column_text uncode_shortcode_id=\u00bb157600&#8243;]<\/p>\n<p data-start=\"129\" data-end=\"494\"><strong data-start=\"129\" data-end=\"137\">2006<\/strong><br data-start=\"137\" data-end=\"140\" \/>\u201cXXXVII Edici\u00f3n de Premios Ciudad de Alcal\u00e1 de Pintura\u201d, Capilla del Oidor (Alcal\u00e1 de Henares \u2013 Madrid).<br data-start=\"248\" data-end=\"251\" \/>\u201cXXI Premio BMV de Pintura\u201d, Traveling Exhibition: Madrid, Oviedo\u2026<br data-start=\"321\" data-end=\"324\" \/>\u201c73 Sal\u00f3n de Oto\u00f1o\u201d, Exhibition Hall of the Retiro District Council (Madrid).<br data-start=\"405\" data-end=\"408\" \/>\u201cVII Bienal de Artes Pl\u00e1sticas Ciudad de Albacete\u201d, Municipal Museum of Albacete.<\/p>\n<p data-start=\"496\" data-end=\"557\"><strong data-start=\"496\" data-end=\"504\">2005<\/strong><br data-start=\"504\" data-end=\"507\" \/>\u201cMujeres\u201d, Galer\u00eda Marina Miranda, (Madrid).<\/p>\n<p data-start=\"559\" data-end=\"689\"><strong data-start=\"559\" data-end=\"567\">2004<\/strong><br data-start=\"567\" data-end=\"570\" \/>\u201cCertamen Socios C\u00edrculo de Bellas Artes\u201d, (Madrid).<br data-start=\"626\" data-end=\"629\" \/>\u201cXXXV Edici\u00f3n de Premios Ciudad de Alcal\u00e1 de Pintura\u201d.<\/p>\n<p data-start=\"691\" data-end=\"899\"><strong data-start=\"691\" data-end=\"699\">2003<\/strong><br data-start=\"699\" data-end=\"702\" \/>\u201cCertamen Socios C\u00edrculo de Bellas Artes\u201d, (Madrid).<br data-start=\"758\" data-end=\"761\" \/>\u201cColectiva de Plata\u201d, Tercer Espacio Gallery, (Madrid).<br data-start=\"820\" data-end=\"823\" \/>\u201cEl sexo de los \u00c1ngeles\u201d, Sala El Foro, (Pozuelo de Alarc\u00f3n \u2013 Madrid).<\/p>\n<p data-start=\"901\" data-end=\"970\"><strong data-start=\"901\" data-end=\"909\">2001<\/strong><br data-start=\"909\" data-end=\"912\" \/>\u201cCertamen Socios C\u00edrculo de Bellas Artes\u201d, (Madrid).<\/p>\n<p data-start=\"972\" data-end=\"1047\"><strong data-start=\"972\" data-end=\"980\">1999<\/strong><br data-start=\"980\" data-end=\"983\" \/>Arteko Gallery (San Sebasti\u00e1n \u2013 Guip\u00fazcoa).<br data-start=\"1026\" data-end=\"1029\" \/>Crisol (Madrid).<\/p>\n<p data-start=\"1049\" data-end=\"1118\"><strong data-start=\"1049\" data-end=\"1057\">1998<\/strong><br data-start=\"1057\" data-end=\"1060\" \/>\u201cCertamen Socios C\u00edrculo de Bellas Artes\u201d, (Madrid).<\/p>\n<p data-start=\"1120\" data-end=\"1154\"><strong data-start=\"1120\" data-end=\"1128\">1988<\/strong><br data-start=\"1128\" data-end=\"1131\" \/>Sala Previa (Madrid).<\/p>\n<p>[\/vc_column_text][\/vc_column_inner][\/vc_row_inner][\/vc_column][\/vc_row][vc_row row_height_percent=\u00bb0&#8243; overlay_alpha=\u00bb50&#8243; gutter_size=\u00bb3&#8243; column_width_percent=\u00bb100&#8243; shift_y=\u00bb0&#8243; z_index=\u00bb0&#8243; content_parallax=\u00bb0&#8243; uncode_shortcode_id=\u00bb560627&#8243;][vc_column column_width_percent=\u00bb100&#8243; gutter_size=\u00bb3&#8243; override_padding=\u00bbyes\u00bb column_padding=\u00bb2&#8243; overlay_alpha=\u00bb50&#8243; shift_x=\u00bb0&#8243; shift_y=\u00bb0&#8243; shift_y_down=\u00bb0&#8243; z_index=\u00bb0&#8243; medium_width=\u00bb0&#8243; mobile_width=\u00bb0&#8243; width=\u00bb1\/1&#8243; uncode_shortcode_id=\u00bb169261&#8243;][vc_custom_heading text_color=\u00bbcolor-179178&#8243; text_font=\u00bbfont-111996&#8243; text_weight=\u00bb400&#8243; uncode_shortcode_id=\u00bb161855&#8243; text_color_type=\u00bbuncode-palette\u00bb]solo exhibitions[\/vc_custom_heading][vc_row_inner][vc_column_inner column_width_percent=\u00bb100&#8243; gutter_size=\u00bb3&#8243; override_padding=\u00bbyes\u00bb column_padding=\u00bb2&#8243; overlay_alpha=\u00bb50&#8243; shift_x=\u00bb0&#8243; shift_y=\u00bb0&#8243; shift_y_down=\u00bb0&#8243; z_index=\u00bb0&#8243; medium_width=\u00bb0&#8243; mobile_width=\u00bb0&#8243; width=\u00bb1\/2&#8243; uncode_shortcode_id=\u00bb283950&#8243;][vc_column_text uncode_shortcode_id=\u00bb119320&#8243;]<strong>2022<\/strong><br \/>\n\u201cVolver a Fluir\u201d,<br \/>\nAsociaci\u00f3n Isegor\u00eda. (Madrid)<\/p>\n<p><strong>2018<\/strong><br \/>\n\u201cCollages\u201d<br \/>\n#LaParedRojadeLaF\u00e1brica (Madrid)<\/p>\n<p><strong>2008<\/strong><br \/>\n\u201cEstratos y P\u00e9talos\u201d<br \/>\nAlexandra Irigoyen Gallery, (Madrid).<\/p>\n<p><strong>2000<\/strong><br \/>\nParador de Hondarribia (Guip\u00fazcoa).<br \/>\nSala Previa (Madrid)[\/vc_column_text][\/vc_column_inner][vc_column_inner column_width_percent=\u00bb100&#8243; gutter_size=\u00bb3&#8243; override_padding=\u00bbyes\u00bb column_padding=\u00bb2&#8243; overlay_alpha=\u00bb50&#8243; shift_x=\u00bb0&#8243; shift_y=\u00bb0&#8243; shift_y_down=\u00bb0&#8243; z_index=\u00bb0&#8243; medium_width=\u00bb0&#8243; mobile_width=\u00bb0&#8243; width=\u00bb1\/2&#8243; uncode_shortcode_id=\u00bb934772&#8243;][vc_column_text uncode_shortcode_id=\u00bb191539&#8243;]<strong>1999<\/strong><br \/>\nCrisol (Madrid).<\/p>\n<p><strong>1992<\/strong><br \/>\nSala Previa (Madrid)<\/p>\n<p><strong>1982<\/strong><br \/>\nCaja Laboral Popular de Ir\u00fan (Guip\u00fazcoa).[\/vc_column_text][\/vc_column_inner][\/vc_row_inner][\/vc_column][\/vc_row][vc_row row_height_percent=\u00bb0&#8243; overlay_alpha=\u00bb50&#8243; gutter_size=\u00bb3&#8243; column_width_percent=\u00bb100&#8243; shift_y=\u00bb0&#8243; z_index=\u00bb0&#8243; content_parallax=\u00bb0&#8243; uncode_shortcode_id=\u00bb213290&#8243; row_name=\u00bbexpo\u00bb][vc_column column_width_percent=\u00bb100&#8243; gutter_size=\u00bb3&#8243; override_padding=\u00bbyes\u00bb column_padding=\u00bb2&#8243; overlay_alpha=\u00bb50&#8243; shift_x=\u00bb0&#8243; shift_y=\u00bb0&#8243; shift_y_down=\u00bb0&#8243; z_index=\u00bb0&#8243; medium_width=\u00bb0&#8243; mobile_width=\u00bb0&#8243; width=\u00bb1\/1&#8243; uncode_shortcode_id=\u00bb169261&#8243;][vc_custom_heading text_color=\u00bbcolor-179178&#8243; text_font=\u00bbfont-111996&#8243; text_weight=\u00bb400&#8243; uncode_shortcode_id=\u00bb142625&#8243; text_color_type=\u00bbuncode-palette\u00bb]awards and mentions[\/vc_custom_heading][vc_row_inner][vc_column_inner column_width_percent=\u00bb100&#8243; gutter_size=\u00bb3&#8243; override_padding=\u00bbyes\u00bb column_padding=\u00bb2&#8243; overlay_alpha=\u00bb50&#8243; shift_x=\u00bb0&#8243; shift_y=\u00bb0&#8243; shift_y_down=\u00bb0&#8243; z_index=\u00bb0&#8243; medium_width=\u00bb0&#8243; mobile_width=\u00bb0&#8243; width=\u00bb1\/1&#8243; uncode_shortcode_id=\u00bb283950&#8243;][vc_column_text uncode_shortcode_id=\u00bb160052&#8243;]<strong>2007<\/strong><br \/>\nJury Mention, 38th Edition of the City of Alcal\u00e1 Painting Awards, Alcal\u00e1 de Henares (Madrid).<\/p>\n<p><strong>2002<\/strong><br \/>\nFirst Mention, Members&#8217; Competition, C\u00edrculo de Bellas Artes (Madrid).[\/vc_column_text][\/vc_column_inner][\/vc_row_inner][\/vc_column][\/vc_row][vc_row row_height_percent=\u00bb0&#8243; overlay_alpha=\u00bb50&#8243; gutter_size=\u00bb3&#8243; column_width_percent=\u00bb100&#8243; shift_y=\u00bb0&#8243; z_index=\u00bb0&#8243; content_parallax=\u00bb0&#8243; uncode_shortcode_id=\u00bb213290&#8243; row_name=\u00bbexpo\u00bb][vc_column column_width_percent=\u00bb100&#8243; gutter_size=\u00bb3&#8243; override_padding=\u00bbyes\u00bb column_padding=\u00bb2&#8243; overlay_alpha=\u00bb50&#8243; shift_x=\u00bb0&#8243; shift_y=\u00bb0&#8243; shift_y_down=\u00bb0&#8243; z_index=\u00bb0&#8243; medium_width=\u00bb0&#8243; mobile_width=\u00bb0&#8243; width=\u00bb1\/1&#8243; uncode_shortcode_id=\u00bb169261&#8243;][vc_custom_heading text_color=\u00bbcolor-179178&#8243; text_font=\u00bbfont-111996&#8243; text_weight=\u00bb400&#8243; uncode_shortcode_id=\u00bb149903&#8243; text_color_type=\u00bbuncode-palette\u00bb]work in museums and collections[\/vc_custom_heading][vc_row_inner][vc_column_inner column_width_percent=\u00bb100&#8243; gutter_size=\u00bb3&#8243; override_padding=\u00bbyes\u00bb column_padding=\u00bb2&#8243; overlay_alpha=\u00bb50&#8243; shift_x=\u00bb0&#8243; shift_y=\u00bb0&#8243; shift_y_down=\u00bb0&#8243; z_index=\u00bb0&#8243; medium_width=\u00bb0&#8243; mobile_width=\u00bb0&#8243; width=\u00bb1\/1&#8243; uncode_shortcode_id=\u00bb283950&#8243;][vc_column_text uncode_shortcode_id=\u00bb120065&#8243;]Art collection of the Colegio del Rey Foundation, (Alcal\u00e1 de Henares &#8211; Madrid)[\/vc_column_text][\/vc_column_inner][\/vc_row_inner][\/vc_column][\/vc_row]<\/p>\n<\/div>","protected":false},"excerpt":{"rendered":"<p>[vc_row][vc_column width=\u00bb1\/2&#8243;][vc_single_image media=\u00bb694&#8243; media_width_percent=\u00bb100&#8243; uncode_shortcode_id=\u00bb139472&#8243;][\/vc_column][vc_column column_width_percent=\u00bb100&#8243; position_vertical=\u00bbmiddle\u00bb align_horizontal=\u00bbalign_center\u00bb gutter_size=\u00bb3&#8243; overlay_alpha=\u00bb50&#8243; shift_x=\u00bb0&#8243; shift_y=\u00bb0&#8243; shift_y_down=\u00bb0&#8243; z_index=\u00bb0&#8243; medium_width=\u00bb0&#8243; mobile_width=\u00bb0&#8243; width=\u00bb1\/2&#8243; uncode_shortcode_id=\u00bb784394&#8243;][vc_custom_heading text_color=\u00bbcolor-179178&#8243; heading_semantic=\u00bbh1&#8243; [&hellip;]<\/p>\n","protected":false},"author":1,"featured_media":0,"parent":0,"menu_order":0,"comment_status":"closed","ping_status":"closed","template":"","meta":{"footnotes":""},"class_list":["post-1356","page","type-page","status-publish","hentry"],"yoast_head":"<!-- This site is optimized with the Yoast SEO plugin v27.2 - https:\/\/yoast.com\/product\/yoast-seo-wordpress\/ -->\n<title>isabel carnicer - Isabel Carnicer. Artista<\/title>\n<meta name=\"robots\" content=\"index, follow, max-snippet:-1, max-image-preview:large, max-video-preview:-1\" \/>\n<link rel=\"canonical\" href=\"https:\/\/isabelcarnicer.com\/en\/isabel-carnicer\/\" \/>\n<meta property=\"og:locale\" content=\"es_ES\" \/>\n<meta property=\"og:type\" content=\"article\" \/>\n<meta property=\"og:title\" content=\"isabel carnicer - Isabel Carnicer. Artista\" \/>\n<meta property=\"og:description\" content=\"[vc_row][vc_column width=\u00bb1\/2&#8243;][vc_single_image media=\u00bb694&#8243; media_width_percent=\u00bb100&#8243; uncode_shortcode_id=\u00bb139472&#8243;][\/vc_column][vc_column column_width_percent=\u00bb100&#8243; position_vertical=\u00bbmiddle\u00bb align_horizontal=\u00bbalign_center\u00bb gutter_size=\u00bb3&#8243; overlay_alpha=\u00bb50&#8243; shift_x=\u00bb0&#8243; shift_y=\u00bb0&#8243; shift_y_down=\u00bb0&#8243; z_index=\u00bb0&#8243; medium_width=\u00bb0&#8243; mobile_width=\u00bb0&#8243; width=\u00bb1\/2&#8243; uncode_shortcode_id=\u00bb784394&#8243;][vc_custom_heading text_color=\u00bbcolor-179178&#8243; heading_semantic=\u00bbh1&#8243; [&hellip;]\" \/>\n<meta property=\"og:url\" content=\"https:\/\/isabelcarnicer.com\/en\/isabel-carnicer\/\" \/>\n<meta property=\"og:site_name\" content=\"Isabel Carnicer. Artista\" \/>\n<meta property=\"article:modified_time\" content=\"2026-01-15T15:09:39+00:00\" \/>\n<meta name=\"twitter:card\" content=\"summary_large_image\" \/>\n<meta name=\"twitter:label1\" content=\"Tiempo de lectura\" \/>\n\t<meta name=\"twitter:data1\" content=\"3 minutos\" \/>\n<script type=\"application\/ld+json\" class=\"yoast-schema-graph\">{\"@context\":\"https:\/\/schema.org\",\"@graph\":[{\"@type\":\"WebPage\",\"@id\":\"https:\/\/isabelcarnicer.com\/en\/isabel-carnicer\/\",\"url\":\"https:\/\/isabelcarnicer.com\/en\/isabel-carnicer\/\",\"name\":\"isabel carnicer - Isabel Carnicer. Artista\",\"isPartOf\":{\"@id\":\"https:\/\/isabelcarnicer.com\/en\/#website\"},\"datePublished\":\"2025-09-04T14:16:54+00:00\",\"dateModified\":\"2026-01-15T15:09:39+00:00\",\"breadcrumb\":{\"@id\":\"https:\/\/isabelcarnicer.com\/en\/isabel-carnicer\/#breadcrumb\"},\"inLanguage\":\"es\",\"potentialAction\":[{\"@type\":\"ReadAction\",\"target\":[\"https:\/\/isabelcarnicer.com\/en\/isabel-carnicer\/\"]}]},{\"@type\":\"BreadcrumbList\",\"@id\":\"https:\/\/isabelcarnicer.com\/en\/isabel-carnicer\/#breadcrumb\",\"itemListElement\":[{\"@type\":\"ListItem\",\"position\":1,\"name\":\"Portada\",\"item\":\"https:\/\/isabelcarnicer.com\/en\/\"},{\"@type\":\"ListItem\",\"position\":2,\"name\":\"isabel carnicer\"}]},{\"@type\":\"WebSite\",\"@id\":\"https:\/\/isabelcarnicer.com\/en\/#website\",\"url\":\"https:\/\/isabelcarnicer.com\/en\/\",\"name\":\"Isabel Carnicer. Artista\",\"description\":\"Collage, el \u00faltimo proyecto de Isabel Carnicer, estar\u00e1 expuesto en #LaParedRojadeLaF\u00e1brica\",\"publisher\":{\"@id\":\"https:\/\/isabelcarnicer.com\/en\/#\/schema\/person\/dfd14b0f0081f3d777c945a5a4a86d83\"},\"potentialAction\":[{\"@type\":\"SearchAction\",\"target\":{\"@type\":\"EntryPoint\",\"urlTemplate\":\"https:\/\/isabelcarnicer.com\/en\/?s={search_term_string}\"},\"query-input\":{\"@type\":\"PropertyValueSpecification\",\"valueRequired\":true,\"valueName\":\"search_term_string\"}}],\"inLanguage\":\"es\"},{\"@type\":[\"Person\",\"Organization\"],\"@id\":\"https:\/\/isabelcarnicer.com\/en\/#\/schema\/person\/dfd14b0f0081f3d777c945a5a4a86d83\",\"name\":\"Isabel Carnicer\",\"image\":{\"@type\":\"ImageObject\",\"inLanguage\":\"es\",\"@id\":\"https:\/\/isabelcarnicer.com\/en\/wp-content\/uploads\/2017\/11\/favicon.png\",\"url\":\"https:\/\/isabelcarnicer.com\/en\/wp-content\/uploads\/2017\/11\/favicon.png\",\"contentUrl\":\"https:\/\/isabelcarnicer.com\/en\/wp-content\/uploads\/2017\/11\/favicon.png\",\"width\":288,\"height\":288,\"caption\":\"Isabel Carnicer\"},\"logo\":{\"@id\":\"https:\/\/isabelcarnicer.com\/en\/wp-content\/uploads\/2017\/11\/favicon.png\"}}]}<\/script>\n<!-- \/ Yoast SEO plugin. -->","yoast_head_json":{"title":"isabel carnicer - Isabel Carnicer. Artista","robots":{"index":"index","follow":"follow","max-snippet":"max-snippet:-1","max-image-preview":"max-image-preview:large","max-video-preview":"max-video-preview:-1"},"canonical":"https:\/\/isabelcarnicer.com\/en\/isabel-carnicer\/","og_locale":"es_ES","og_type":"article","og_title":"isabel carnicer - Isabel Carnicer. Artista","og_description":"[vc_row][vc_column width=\u00bb1\/2&#8243;][vc_single_image media=\u00bb694&#8243; media_width_percent=\u00bb100&#8243; uncode_shortcode_id=\u00bb139472&#8243;][\/vc_column][vc_column column_width_percent=\u00bb100&#8243; position_vertical=\u00bbmiddle\u00bb align_horizontal=\u00bbalign_center\u00bb gutter_size=\u00bb3&#8243; overlay_alpha=\u00bb50&#8243; shift_x=\u00bb0&#8243; shift_y=\u00bb0&#8243; shift_y_down=\u00bb0&#8243; z_index=\u00bb0&#8243; medium_width=\u00bb0&#8243; mobile_width=\u00bb0&#8243; width=\u00bb1\/2&#8243; uncode_shortcode_id=\u00bb784394&#8243;][vc_custom_heading text_color=\u00bbcolor-179178&#8243; heading_semantic=\u00bbh1&#8243; [&hellip;]","og_url":"https:\/\/isabelcarnicer.com\/en\/isabel-carnicer\/","og_site_name":"Isabel Carnicer. Artista","article_modified_time":"2026-01-15T15:09:39+00:00","twitter_card":"summary_large_image","twitter_misc":{"Tiempo de lectura":"3 minutos"},"schema":{"@context":"https:\/\/schema.org","@graph":[{"@type":"WebPage","@id":"https:\/\/isabelcarnicer.com\/en\/isabel-carnicer\/","url":"https:\/\/isabelcarnicer.com\/en\/isabel-carnicer\/","name":"isabel carnicer - Isabel Carnicer. Artista","isPartOf":{"@id":"https:\/\/isabelcarnicer.com\/en\/#website"},"datePublished":"2025-09-04T14:16:54+00:00","dateModified":"2026-01-15T15:09:39+00:00","breadcrumb":{"@id":"https:\/\/isabelcarnicer.com\/en\/isabel-carnicer\/#breadcrumb"},"inLanguage":"es","potentialAction":[{"@type":"ReadAction","target":["https:\/\/isabelcarnicer.com\/en\/isabel-carnicer\/"]}]},{"@type":"BreadcrumbList","@id":"https:\/\/isabelcarnicer.com\/en\/isabel-carnicer\/#breadcrumb","itemListElement":[{"@type":"ListItem","position":1,"name":"Portada","item":"https:\/\/isabelcarnicer.com\/en\/"},{"@type":"ListItem","position":2,"name":"isabel carnicer"}]},{"@type":"WebSite","@id":"https:\/\/isabelcarnicer.com\/en\/#website","url":"https:\/\/isabelcarnicer.com\/en\/","name":"Isabel Carnicer. Artista","description":"Collage, el \u00faltimo proyecto de Isabel Carnicer, estar\u00e1 expuesto en #LaParedRojadeLaF\u00e1brica","publisher":{"@id":"https:\/\/isabelcarnicer.com\/en\/#\/schema\/person\/dfd14b0f0081f3d777c945a5a4a86d83"},"potentialAction":[{"@type":"SearchAction","target":{"@type":"EntryPoint","urlTemplate":"https:\/\/isabelcarnicer.com\/en\/?s={search_term_string}"},"query-input":{"@type":"PropertyValueSpecification","valueRequired":true,"valueName":"search_term_string"}}],"inLanguage":"es"},{"@type":["Person","Organization"],"@id":"https:\/\/isabelcarnicer.com\/en\/#\/schema\/person\/dfd14b0f0081f3d777c945a5a4a86d83","name":"Isabel Carnicer","image":{"@type":"ImageObject","inLanguage":"es","@id":"https:\/\/isabelcarnicer.com\/en\/wp-content\/uploads\/2017\/11\/favicon.png","url":"https:\/\/isabelcarnicer.com\/en\/wp-content\/uploads\/2017\/11\/favicon.png","contentUrl":"https:\/\/isabelcarnicer.com\/en\/wp-content\/uploads\/2017\/11\/favicon.png","width":288,"height":288,"caption":"Isabel Carnicer"},"logo":{"@id":"https:\/\/isabelcarnicer.com\/en\/wp-content\/uploads\/2017\/11\/favicon.png"}}]}},"_links":{"self":[{"href":"https:\/\/isabelcarnicer.com\/en\/wp-json\/wp\/v2\/pages\/1356","targetHints":{"allow":["GET"]}}],"collection":[{"href":"https:\/\/isabelcarnicer.com\/en\/wp-json\/wp\/v2\/pages"}],"about":[{"href":"https:\/\/isabelcarnicer.com\/en\/wp-json\/wp\/v2\/types\/page"}],"author":[{"embeddable":true,"href":"https:\/\/isabelcarnicer.com\/en\/wp-json\/wp\/v2\/users\/1"}],"replies":[{"embeddable":true,"href":"https:\/\/isabelcarnicer.com\/en\/wp-json\/wp\/v2\/comments?post=1356"}],"version-history":[{"count":9,"href":"https:\/\/isabelcarnicer.com\/en\/wp-json\/wp\/v2\/pages\/1356\/revisions"}],"predecessor-version":[{"id":1370,"href":"https:\/\/isabelcarnicer.com\/en\/wp-json\/wp\/v2\/pages\/1356\/revisions\/1370"}],"wp:attachment":[{"href":"https:\/\/isabelcarnicer.com\/en\/wp-json\/wp\/v2\/media?parent=1356"}],"curies":[{"name":"wp","href":"https:\/\/api.w.org\/{rel}","templated":true}]}}