{"id":55,"date":"2017-11-29T13:29:10","date_gmt":"2017-11-29T13:29:10","guid":{"rendered":"http:\/\/isabelcarnicer.com\/test\/?page_id=55"},"modified":"2025-05-22T15:53:37","modified_gmt":"2025-05-22T15:53:37","slug":"gallery","status":"publish","type":"page","link":"https:\/\/isabelcarnicer.com\/en\/gallery\/","title":{"rendered":"gallery"},"content":{"rendered":"<div class=\"wpb-content-wrapper\"><p>[vc_row row_height_percent=\u00bb0&#8243; overlay_color=\u00bbcolor-nhtu\u00bb overlay_alpha=\u00bb0&#8243; gutter_size=\u00bb3&#8243; column_width_percent=\u00bb100&#8243; shift_y=\u00bb0&#8243; z_index=\u00bb0&#8243; uncode_shortcode_id=\u00bb123951&#8243; overlay_color_type=\u00bbuncode-palette\u00bb][vc_column column_width_percent=\u00bb100&#8243; position_vertical=\u00bbmiddle\u00bb gutter_size=\u00bb3&#8243; overlay_alpha=\u00bb50&#8243; shift_x=\u00bb0&#8243; shift_y=\u00bb0&#8243; shift_y_down=\u00bb0&#8243; z_index=\u00bb0&#8243; medium_width=\u00bb0&#8243; mobile_width=\u00bb0&#8243; width=\u00bb1\/2&#8243; uncode_shortcode_id=\u00bb150069&#8243;][vc_single_image media=\u00bb782&#8243; media_width_percent=\u00bb100&#8243; uncode_shortcode_id=\u00bb570287&#8243; media_link=\u00bburl:https%3A%2F%2Fisabelcarnicer.com%2Fen%2Festratos\u00bb][\/vc_column][vc_column column_width_percent=\u00bb100&#8243; position_vertical=\u00bbmiddle\u00bb gutter_size=\u00bb3&#8243; override_padding=\u00bbyes\u00bb column_padding=\u00bb3&#8243; overlay_alpha=\u00bb50&#8243; shift_x=\u00bb0&#8243; shift_y=\u00bb0&#8243; shift_y_down=\u00bb0&#8243; z_index=\u00bb0&#8243; medium_width=\u00bb0&#8243; mobile_width=\u00bb0&#8243; width=\u00bb1\/2&#8243; uncode_shortcode_id=\u00bb176814&#8243;][vc_custom_heading text_color=\u00bbcolor-179178&#8243; text_font=\u00bbfont-111996&#8243; text_weight=\u00bb400&#8243; uncode_shortcode_id=\u00bb128631&#8243; text_color_type=\u00bbuncode-palette\u00bb]Estratos[\/vc_custom_heading][vc_column_text uncode_shortcode_id=\u00bb128233&#8243;]Carnicer works with small ranging bands, as if the material only consisted of its tearing and joining together, as if the form were the colour surrounded by the border made of torn paper, by the tired repetitions it weaves. The painter uses papers she turns at random into strips and sticks them horizontally onto the canvas or wood. The colour-impregnated wound alludes to the trauma originated by every form, every icon of experience.<\/p>\n<p><a href=\"https:\/\/isabelcarnicer.com\/en\/texts\/\">Extract from the text written by Ignacio Castro Rey in July 2008.<\/a>[\/vc_column_text][vc_button button_color=\u00bbcolor-179178&#8243; size=\u00bbbtn-lg\u00bb radius=\u00bbbtn-round\u00bb outline=\u00bbyes\u00bb border_width=\u00bb0&#8243; link=\u00bburl:https%3A%2F%2Fisabelcarnicer.com%2Fen%2Festratos%2F\u00bb button_color_type=\u00bbuncode-palette\u00bb uncode_shortcode_id=\u00bb115602&#8243;]see collection[\/vc_button][\/vc_column][\/vc_row][vc_row row_height_percent=\u00bb0&#8243; overlay_color=\u00bbcolor-nhtu\u00bb overlay_alpha=\u00bb0&#8243; gutter_size=\u00bb3&#8243; column_width_percent=\u00bb100&#8243; shift_y=\u00bb0&#8243; z_index=\u00bb0&#8243; uncode_shortcode_id=\u00bb123951&#8243; overlay_color_type=\u00bbuncode-palette\u00bb][vc_column column_width_percent=\u00bb100&#8243; position_vertical=\u00bbmiddle\u00bb gutter_size=\u00bb3&#8243; overlay_alpha=\u00bb50&#8243; shift_x=\u00bb0&#8243; shift_y=\u00bb0&#8243; shift_y_down=\u00bb0&#8243; z_index=\u00bb0&#8243; medium_width=\u00bb0&#8243; mobile_width=\u00bb0&#8243; width=\u00bb1\/2&#8243; uncode_shortcode_id=\u00bb116208&#8243;][vc_single_image media=\u00bb943&#8243; media_width_percent=\u00bb100&#8243; uncode_shortcode_id=\u00bb118498&#8243; media_link=\u00bburl:https%3A%2F%2Fisabelcarnicer.com%2Fen%2Fcollages%2F\u00bb][\/vc_column][vc_column column_width_percent=\u00bb100&#8243; position_vertical=\u00bbmiddle\u00bb gutter_size=\u00bb3&#8243; override_padding=\u00bbyes\u00bb column_padding=\u00bb3&#8243; overlay_alpha=\u00bb50&#8243; shift_x=\u00bb0&#8243; shift_y=\u00bb0&#8243; shift_y_down=\u00bb0&#8243; z_index=\u00bb0&#8243; medium_width=\u00bb0&#8243; mobile_width=\u00bb0&#8243; width=\u00bb1\/2&#8243; uncode_shortcode_id=\u00bb176814&#8243;][vc_custom_heading text_color=\u00bbcolor-179178&#8243; text_font=\u00bbfont-111996&#8243; text_weight=\u00bb400&#8243; uncode_shortcode_id=\u00bb157007&#8243; text_color_type=\u00bbuncode-palette\u00bb]Collages[\/vc_custom_heading][vc_column_text uncode_shortcode_id=\u00bb133185&#8243;]This path began when I experimented with some of the wallpapers for the Estratos series. I set aside some very small parts of those papers, for I perceived they would have another life, independent and with another meaning. They can make various images visible such as totem poles, chimneys, geometric compositions, landscapes with cypresses&#8230;[\/vc_column_text][vc_button button_color=\u00bbcolor-179178&#8243; size=\u00bbbtn-lg\u00bb radius=\u00bbbtn-round\u00bb outline=\u00bbyes\u00bb border_width=\u00bb0&#8243; link=\u00bburl:https%3A%2F%2Fisabelcarnicer.com%2Fen%2Fcollages%2F\u00bb button_color_type=\u00bbuncode-palette\u00bb uncode_shortcode_id=\u00bb139980&#8243;]see collection[\/vc_button][\/vc_column][\/vc_row][vc_row row_height_percent=\u00bb0&#8243; overlay_color=\u00bbcolor-nhtu\u00bb overlay_alpha=\u00bb0&#8243; gutter_size=\u00bb3&#8243; column_width_percent=\u00bb100&#8243; shift_y=\u00bb0&#8243; z_index=\u00bb0&#8243; uncode_shortcode_id=\u00bb123951&#8243; overlay_color_type=\u00bbuncode-palette\u00bb][vc_column column_width_percent=\u00bb100&#8243; position_vertical=\u00bbmiddle\u00bb gutter_size=\u00bb3&#8243; overlay_alpha=\u00bb50&#8243; shift_x=\u00bb0&#8243; shift_y=\u00bb0&#8243; shift_y_down=\u00bb0&#8243; z_index=\u00bb0&#8243; medium_width=\u00bb0&#8243; mobile_width=\u00bb0&#8243; width=\u00bb1\/2&#8243; uncode_shortcode_id=\u00bb116208&#8243;][vc_single_image media=\u00bb1316&#8243; media_width_percent=\u00bb100&#8243; uncode_shortcode_id=\u00bb209033&#8243; media_link=\u00bburl:https%3A%2F%2Fisabelcarnicer.com%2Fcollages%2F\u00bb][\/vc_column][vc_column column_width_percent=\u00bb100&#8243; position_vertical=\u00bbmiddle\u00bb gutter_size=\u00bb3&#8243; override_padding=\u00bbyes\u00bb column_padding=\u00bb3&#8243; overlay_alpha=\u00bb50&#8243; shift_x=\u00bb0&#8243; shift_y=\u00bb0&#8243; shift_y_down=\u00bb0&#8243; z_index=\u00bb0&#8243; medium_width=\u00bb0&#8243; mobile_width=\u00bb0&#8243; width=\u00bb1\/2&#8243; uncode_shortcode_id=\u00bb176814&#8243;][vc_custom_heading text_color=\u00bbcolor-179178&#8243; text_font=\u00bbfont-111996&#8243; text_weight=\u00bb400&#8243; uncode_shortcode_id=\u00bb445312&#8243; text_color_type=\u00bbuncode-palette\u00bb]Horizontes[\/vc_custom_heading][vc_column_text uncode_shortcode_id=\u00bb646004&#8243;]These horizons are made from remnants of a material used for other, larger-scale works. And although their physical size is very small, they intensely draw me toward a horizon line we are heading toward.<\/p>\n<p>They are intimate formats, humble paradises.[\/vc_column_text][vc_button button_color=\u00bbcolor-179178&#8243; size=\u00bbbtn-lg\u00bb radius=\u00bbbtn-round\u00bb outline=\u00bbyes\u00bb border_width=\u00bb0&#8243; link=\u00bburl:https%3A%2F%2Fisabelcarnicer.com%2Fen%2Fhorizontes%2F\u00bb button_color_type=\u00bbuncode-palette\u00bb uncode_shortcode_id=\u00bb120380&#8243;]see collection[\/vc_button][\/vc_column][\/vc_row][vc_row row_height_percent=\u00bb0&#8243; overlay_color=\u00bbcolor-nhtu\u00bb overlay_alpha=\u00bb0&#8243; gutter_size=\u00bb3&#8243; column_width_percent=\u00bb100&#8243; shift_y=\u00bb0&#8243; z_index=\u00bb0&#8243; uncode_shortcode_id=\u00bb123951&#8243; overlay_color_type=\u00bbuncode-palette\u00bb][vc_column column_width_percent=\u00bb100&#8243; position_vertical=\u00bbmiddle\u00bb gutter_size=\u00bb3&#8243; overlay_alpha=\u00bb50&#8243; shift_x=\u00bb0&#8243; shift_y=\u00bb0&#8243; shift_y_down=\u00bb0&#8243; z_index=\u00bb0&#8243; medium_width=\u00bb0&#8243; mobile_width=\u00bb0&#8243; width=\u00bb1\/2&#8243; uncode_shortcode_id=\u00bb389198&#8243;][vc_single_image media=\u00bb1187&#8243; media_width_percent=\u00bb100&#8243; uncode_shortcode_id=\u00bb172777&#8243; media_link=\u00bburl:https%3A%2F%2Fisabelcarnicer.com%2Fen%2Fgeometrias%2F\u00bb][\/vc_column][vc_column column_width_percent=\u00bb100&#8243; position_vertical=\u00bbmiddle\u00bb gutter_size=\u00bb3&#8243; override_padding=\u00bbyes\u00bb column_padding=\u00bb3&#8243; overlay_alpha=\u00bb50&#8243; shift_x=\u00bb0&#8243; shift_y=\u00bb0&#8243; shift_y_down=\u00bb0&#8243; z_index=\u00bb0&#8243; medium_width=\u00bb0&#8243; mobile_width=\u00bb0&#8243; width=\u00bb1\/2&#8243; uncode_shortcode_id=\u00bb176814&#8243;][vc_custom_heading text_color=\u00bbcolor-179178&#8243; text_font=\u00bbfont-111996&#8243; text_weight=\u00bb400&#8243; uncode_shortcode_id=\u00bb128703&#8243; text_color_type=\u00bbuncode-palette\u00bb]Geometr\u00edas[\/vc_custom_heading][vc_column_text uncode_shortcode_id=\u00bb173411&#8243;]Each of these drawings has a first phase in which I mechanically make watercolor lines, later moving on to another phase, more thoughtful, in which I relate some lines to others, also with watercolor and adding other materials such as graphite, thread and vinyl, imagining in them a series of abstract architectural spaces.[\/vc_column_text][vc_button button_color=\u00bbcolor-179178&#8243; size=\u00bbbtn-lg\u00bb radius=\u00bbbtn-round\u00bb outline=\u00bbyes\u00bb border_width=\u00bb0&#8243; link=\u00bburl:https%3A%2F%2Fisabelcarnicer.com%2Fen%2Fgeometrias%2F\u00bb button_color_type=\u00bbuncode-palette\u00bb uncode_shortcode_id=\u00bb353029&#8243;]see collection[\/vc_button][\/vc_column][\/vc_row][vc_row row_height_percent=\u00bb0&#8243; overlay_color=\u00bbcolor-nhtu\u00bb overlay_alpha=\u00bb0&#8243; gutter_size=\u00bb3&#8243; column_width_percent=\u00bb100&#8243; shift_y=\u00bb0&#8243; z_index=\u00bb0&#8243; uncode_shortcode_id=\u00bb123951&#8243; overlay_color_type=\u00bbuncode-palette\u00bb][vc_column column_width_percent=\u00bb100&#8243; position_vertical=\u00bbmiddle\u00bb gutter_size=\u00bb3&#8243; overlay_alpha=\u00bb50&#8243; shift_x=\u00bb0&#8243; shift_y=\u00bb0&#8243; shift_y_down=\u00bb0&#8243; z_index=\u00bb0&#8243; medium_width=\u00bb0&#8243; mobile_width=\u00bb0&#8243; width=\u00bb1\/2&#8243; uncode_shortcode_id=\u00bb389198&#8243;][vc_single_image media=\u00bb731&#8243; media_width_percent=\u00bb100&#8243; uncode_shortcode_id=\u00bb368120&#8243; media_link=\u00bburl:https%3A%2F%2Fisabelcarnicer.com%2Fen%2Fvolver-a-fluir-2021-2022%2F\u00bb][\/vc_column][vc_column column_width_percent=\u00bb100&#8243; position_vertical=\u00bbmiddle\u00bb gutter_size=\u00bb3&#8243; override_padding=\u00bbyes\u00bb column_padding=\u00bb3&#8243; overlay_alpha=\u00bb50&#8243; shift_x=\u00bb0&#8243; shift_y=\u00bb0&#8243; shift_y_down=\u00bb0&#8243; z_index=\u00bb0&#8243; medium_width=\u00bb0&#8243; mobile_width=\u00bb0&#8243; width=\u00bb1\/2&#8243; uncode_shortcode_id=\u00bb176814&#8243;][vc_custom_heading text_color=\u00bbcolor-179178&#8243; text_font=\u00bbfont-111996&#8243; text_weight=\u00bb400&#8243; uncode_shortcode_id=\u00bb501845&#8243; text_color_type=\u00bbuncode-palette\u00bb]Volver a fluir[\/vc_custom_heading][vc_column_text uncode_shortcode_id=\u00bb667063&#8243;]These works was made with materials I have been saving for a while.<br \/>\nSmall-format pieces using ink as the common thread, flowing through the paper in order to leave its mark. Later, I intervene and, in some way, those trajectories are altered. In this experimentation and search, some of the results appear by chance.[\/vc_column_text][vc_button button_color=\u00bbcolor-179178&#8243; size=\u00bbbtn-lg\u00bb radius=\u00bbbtn-round\u00bb outline=\u00bbyes\u00bb border_width=\u00bb0&#8243; link=\u00bburl:https%3A%2F%2Fisabelcarnicer.com%2Fen%2Fvolver-a-fluir-2021-2022%2F\u00bb button_color_type=\u00bbuncode-palette\u00bb uncode_shortcode_id=\u00bb112576&#8243;]see collection[\/vc_button][\/vc_column][\/vc_row][vc_row row_height_percent=\u00bb0&#8243; overlay_color=\u00bbcolor-nhtu\u00bb overlay_alpha=\u00bb0&#8243; gutter_size=\u00bb3&#8243; column_width_percent=\u00bb100&#8243; shift_y=\u00bb0&#8243; z_index=\u00bb0&#8243; uncode_shortcode_id=\u00bb123951&#8243; overlay_color_type=\u00bbuncode-palette\u00bb][vc_column column_width_percent=\u00bb100&#8243; position_vertical=\u00bbmiddle\u00bb gutter_size=\u00bb3&#8243; overlay_alpha=\u00bb50&#8243; shift_x=\u00bb0&#8243; shift_y=\u00bb0&#8243; shift_y_down=\u00bb0&#8243; z_index=\u00bb0&#8243; medium_width=\u00bb0&#8243; mobile_width=\u00bb0&#8243; width=\u00bb1\/2&#8243; uncode_shortcode_id=\u00bb880645&#8243;][vc_single_image media=\u00bb911&#8243; media_width_percent=\u00bb100&#8243; uncode_shortcode_id=\u00bb197154&#8243; media_link=\u00bburl:https%3A%2F%2Fisabelcarnicer.com%2Fen%2Ftexturas\u00bb][\/vc_column][vc_column column_width_percent=\u00bb100&#8243; position_vertical=\u00bbmiddle\u00bb gutter_size=\u00bb3&#8243; override_padding=\u00bbyes\u00bb column_padding=\u00bb3&#8243; overlay_alpha=\u00bb50&#8243; shift_x=\u00bb0&#8243; shift_y=\u00bb0&#8243; shift_y_down=\u00bb0&#8243; z_index=\u00bb0&#8243; medium_width=\u00bb0&#8243; mobile_width=\u00bb0&#8243; width=\u00bb1\/2&#8243; uncode_shortcode_id=\u00bb140011&#8243;][vc_custom_heading text_color=\u00bbcolor-179178&#8243; text_font=\u00bbfont-111996&#8243; text_weight=\u00bb400&#8243; uncode_shortcode_id=\u00bb147015&#8243; text_color_type=\u00bbuncode-palette\u00bb]Textures[\/vc_custom_heading][vc_column_text uncode_shortcode_id=\u00bb101256&#8243;]Between 1999 and 2001 she starts a series of works from old maps. We see in them some influence from surrealist painting or works by early Mir\u00f3, as in \u201cUntitled, 2001\u201d, as well as from the geometric abstract painting, as in \u201cTxingudi I, 1999\u201d.<\/p>\n<p>Along this process from figurative to abstract art, Isabel G. Carnicer has sometimes worked with photographs<br \/>\nshe had found or taken herself, and which she transfers onto the canvas. After that, she works with them till any trace of the object disappears, thus creating an abstract painting, as in \u201cComposition 12.99, 1999\u201d or \u201cComposition 16.99, 1999\u201d.<\/p>\n<p><a href=\"https:\/\/isabelcarnicer.com\/en\/textos\/\">Extract from the text written by Oliva Mar\u00eda Rubio in October 2006.<\/a>[\/vc_column_text][vc_button button_color=\u00bbcolor-179178&#8243; size=\u00bbbtn-lg\u00bb radius=\u00bbbtn-round\u00bb outline=\u00bbyes\u00bb border_width=\u00bb0&#8243; link=\u00bburl:https%3A%2F%2Fisabelcarnicer.com%2Fen%2Ftextures\u00bb button_color_type=\u00bbuncode-palette\u00bb uncode_shortcode_id=\u00bb206592&#8243;]see collection[\/vc_button][\/vc_column][\/vc_row][vc_row][vc_column width=\u00bb1\/1&#8243;][uncode_block id=\u00bb809&#8243;][\/vc_column][\/vc_row]<\/p>\n<\/div>","protected":false},"excerpt":{"rendered":"<p>[vc_row row_height_percent=\u00bb0&#8243; overlay_color=\u00bbcolor-nhtu\u00bb overlay_alpha=\u00bb0&#8243; gutter_size=\u00bb3&#8243; column_width_percent=\u00bb100&#8243; shift_y=\u00bb0&#8243; z_index=\u00bb0&#8243; uncode_shortcode_id=\u00bb123951&#8243; overlay_color_type=\u00bbuncode-palette\u00bb][vc_column column_width_percent=\u00bb100&#8243; position_vertical=\u00bbmiddle\u00bb gutter_size=\u00bb3&#8243; overlay_alpha=\u00bb50&#8243; shift_x=\u00bb0&#8243; shift_y=\u00bb0&#8243; shift_y_down=\u00bb0&#8243; z_index=\u00bb0&#8243; medium_width=\u00bb0&#8243; mobile_width=\u00bb0&#8243; [&hellip;]<\/p>\n","protected":false},"author":1,"featured_media":0,"parent":0,"menu_order":0,"comment_status":"closed","ping_status":"closed","template":"","meta":{"footnotes":""},"class_list":["post-55","page","type-page","status-publish","hentry"],"yoast_head":"<!-- This site is optimized with the Yoast SEO plugin v27.2 - https:\/\/yoast.com\/product\/yoast-seo-wordpress\/ -->\n<title>gallery - Isabel Carnicer. Artista<\/title>\n<meta name=\"robots\" content=\"index, follow, max-snippet:-1, max-image-preview:large, max-video-preview:-1\" \/>\n<link rel=\"canonical\" href=\"https:\/\/isabelcarnicer.com\/en\/gallery\/\" \/>\n<meta property=\"og:locale\" content=\"es_ES\" \/>\n<meta property=\"og:type\" content=\"article\" \/>\n<meta property=\"og:title\" content=\"gallery - Isabel Carnicer. Artista\" \/>\n<meta property=\"og:description\" content=\"[vc_row row_height_percent=\u00bb0&#8243; overlay_color=\u00bbcolor-nhtu\u00bb overlay_alpha=\u00bb0&#8243; gutter_size=\u00bb3&#8243; column_width_percent=\u00bb100&#8243; shift_y=\u00bb0&#8243; z_index=\u00bb0&#8243; uncode_shortcode_id=\u00bb123951&#8243; overlay_color_type=\u00bbuncode-palette\u00bb][vc_column column_width_percent=\u00bb100&#8243; position_vertical=\u00bbmiddle\u00bb gutter_size=\u00bb3&#8243; overlay_alpha=\u00bb50&#8243; shift_x=\u00bb0&#8243; shift_y=\u00bb0&#8243; shift_y_down=\u00bb0&#8243; z_index=\u00bb0&#8243; medium_width=\u00bb0&#8243; mobile_width=\u00bb0&#8243; [&hellip;]\" \/>\n<meta property=\"og:url\" content=\"https:\/\/isabelcarnicer.com\/en\/gallery\/\" \/>\n<meta property=\"og:site_name\" content=\"Isabel Carnicer. Artista\" \/>\n<meta property=\"article:modified_time\" content=\"2025-05-22T15:53:37+00:00\" \/>\n<meta name=\"twitter:card\" content=\"summary_large_image\" \/>\n<meta name=\"twitter:label1\" content=\"Tiempo de lectura\" \/>\n\t<meta name=\"twitter:data1\" content=\"3 minutos\" \/>\n<script type=\"application\/ld+json\" class=\"yoast-schema-graph\">{\"@context\":\"https:\/\/schema.org\",\"@graph\":[{\"@type\":\"WebPage\",\"@id\":\"https:\/\/isabelcarnicer.com\/en\/gallery\/\",\"url\":\"https:\/\/isabelcarnicer.com\/en\/gallery\/\",\"name\":\"gallery - Isabel Carnicer. Artista\",\"isPartOf\":{\"@id\":\"https:\/\/isabelcarnicer.com\/en\/#website\"},\"datePublished\":\"2017-11-29T13:29:10+00:00\",\"dateModified\":\"2025-05-22T15:53:37+00:00\",\"breadcrumb\":{\"@id\":\"https:\/\/isabelcarnicer.com\/en\/gallery\/#breadcrumb\"},\"inLanguage\":\"es\",\"potentialAction\":[{\"@type\":\"ReadAction\",\"target\":[\"https:\/\/isabelcarnicer.com\/en\/gallery\/\"]}]},{\"@type\":\"BreadcrumbList\",\"@id\":\"https:\/\/isabelcarnicer.com\/en\/gallery\/#breadcrumb\",\"itemListElement\":[{\"@type\":\"ListItem\",\"position\":1,\"name\":\"Portada\",\"item\":\"https:\/\/isabelcarnicer.com\/en\/\"},{\"@type\":\"ListItem\",\"position\":2,\"name\":\"gallery\"}]},{\"@type\":\"WebSite\",\"@id\":\"https:\/\/isabelcarnicer.com\/en\/#website\",\"url\":\"https:\/\/isabelcarnicer.com\/en\/\",\"name\":\"Isabel Carnicer. Artista\",\"description\":\"Collage, el \u00faltimo proyecto de Isabel Carnicer, estar\u00e1 expuesto en #LaParedRojadeLaF\u00e1brica\",\"publisher\":{\"@id\":\"https:\/\/isabelcarnicer.com\/en\/#\/schema\/person\/dfd14b0f0081f3d777c945a5a4a86d83\"},\"potentialAction\":[{\"@type\":\"SearchAction\",\"target\":{\"@type\":\"EntryPoint\",\"urlTemplate\":\"https:\/\/isabelcarnicer.com\/en\/?s={search_term_string}\"},\"query-input\":{\"@type\":\"PropertyValueSpecification\",\"valueRequired\":true,\"valueName\":\"search_term_string\"}}],\"inLanguage\":\"es\"},{\"@type\":[\"Person\",\"Organization\"],\"@id\":\"https:\/\/isabelcarnicer.com\/en\/#\/schema\/person\/dfd14b0f0081f3d777c945a5a4a86d83\",\"name\":\"Isabel Carnicer\",\"image\":{\"@type\":\"ImageObject\",\"inLanguage\":\"es\",\"@id\":\"https:\/\/isabelcarnicer.com\/en\/wp-content\/uploads\/2017\/11\/favicon.png\",\"url\":\"https:\/\/isabelcarnicer.com\/en\/wp-content\/uploads\/2017\/11\/favicon.png\",\"contentUrl\":\"https:\/\/isabelcarnicer.com\/en\/wp-content\/uploads\/2017\/11\/favicon.png\",\"width\":288,\"height\":288,\"caption\":\"Isabel Carnicer\"},\"logo\":{\"@id\":\"https:\/\/isabelcarnicer.com\/en\/wp-content\/uploads\/2017\/11\/favicon.png\"}}]}<\/script>\n<!-- \/ Yoast SEO plugin. -->","yoast_head_json":{"title":"gallery - Isabel Carnicer. Artista","robots":{"index":"index","follow":"follow","max-snippet":"max-snippet:-1","max-image-preview":"max-image-preview:large","max-video-preview":"max-video-preview:-1"},"canonical":"https:\/\/isabelcarnicer.com\/en\/gallery\/","og_locale":"es_ES","og_type":"article","og_title":"gallery - Isabel Carnicer. Artista","og_description":"[vc_row row_height_percent=\u00bb0&#8243; overlay_color=\u00bbcolor-nhtu\u00bb overlay_alpha=\u00bb0&#8243; gutter_size=\u00bb3&#8243; column_width_percent=\u00bb100&#8243; shift_y=\u00bb0&#8243; z_index=\u00bb0&#8243; uncode_shortcode_id=\u00bb123951&#8243; overlay_color_type=\u00bbuncode-palette\u00bb][vc_column column_width_percent=\u00bb100&#8243; position_vertical=\u00bbmiddle\u00bb gutter_size=\u00bb3&#8243; overlay_alpha=\u00bb50&#8243; shift_x=\u00bb0&#8243; shift_y=\u00bb0&#8243; shift_y_down=\u00bb0&#8243; z_index=\u00bb0&#8243; medium_width=\u00bb0&#8243; mobile_width=\u00bb0&#8243; [&hellip;]","og_url":"https:\/\/isabelcarnicer.com\/en\/gallery\/","og_site_name":"Isabel Carnicer. Artista","article_modified_time":"2025-05-22T15:53:37+00:00","twitter_card":"summary_large_image","twitter_misc":{"Tiempo de lectura":"3 minutos"},"schema":{"@context":"https:\/\/schema.org","@graph":[{"@type":"WebPage","@id":"https:\/\/isabelcarnicer.com\/en\/gallery\/","url":"https:\/\/isabelcarnicer.com\/en\/gallery\/","name":"gallery - Isabel Carnicer. Artista","isPartOf":{"@id":"https:\/\/isabelcarnicer.com\/en\/#website"},"datePublished":"2017-11-29T13:29:10+00:00","dateModified":"2025-05-22T15:53:37+00:00","breadcrumb":{"@id":"https:\/\/isabelcarnicer.com\/en\/gallery\/#breadcrumb"},"inLanguage":"es","potentialAction":[{"@type":"ReadAction","target":["https:\/\/isabelcarnicer.com\/en\/gallery\/"]}]},{"@type":"BreadcrumbList","@id":"https:\/\/isabelcarnicer.com\/en\/gallery\/#breadcrumb","itemListElement":[{"@type":"ListItem","position":1,"name":"Portada","item":"https:\/\/isabelcarnicer.com\/en\/"},{"@type":"ListItem","position":2,"name":"gallery"}]},{"@type":"WebSite","@id":"https:\/\/isabelcarnicer.com\/en\/#website","url":"https:\/\/isabelcarnicer.com\/en\/","name":"Isabel Carnicer. Artista","description":"Collage, el \u00faltimo proyecto de Isabel Carnicer, estar\u00e1 expuesto en #LaParedRojadeLaF\u00e1brica","publisher":{"@id":"https:\/\/isabelcarnicer.com\/en\/#\/schema\/person\/dfd14b0f0081f3d777c945a5a4a86d83"},"potentialAction":[{"@type":"SearchAction","target":{"@type":"EntryPoint","urlTemplate":"https:\/\/isabelcarnicer.com\/en\/?s={search_term_string}"},"query-input":{"@type":"PropertyValueSpecification","valueRequired":true,"valueName":"search_term_string"}}],"inLanguage":"es"},{"@type":["Person","Organization"],"@id":"https:\/\/isabelcarnicer.com\/en\/#\/schema\/person\/dfd14b0f0081f3d777c945a5a4a86d83","name":"Isabel Carnicer","image":{"@type":"ImageObject","inLanguage":"es","@id":"https:\/\/isabelcarnicer.com\/en\/wp-content\/uploads\/2017\/11\/favicon.png","url":"https:\/\/isabelcarnicer.com\/en\/wp-content\/uploads\/2017\/11\/favicon.png","contentUrl":"https:\/\/isabelcarnicer.com\/en\/wp-content\/uploads\/2017\/11\/favicon.png","width":288,"height":288,"caption":"Isabel Carnicer"},"logo":{"@id":"https:\/\/isabelcarnicer.com\/en\/wp-content\/uploads\/2017\/11\/favicon.png"}}]}},"_links":{"self":[{"href":"https:\/\/isabelcarnicer.com\/en\/wp-json\/wp\/v2\/pages\/55","targetHints":{"allow":["GET"]}}],"collection":[{"href":"https:\/\/isabelcarnicer.com\/en\/wp-json\/wp\/v2\/pages"}],"about":[{"href":"https:\/\/isabelcarnicer.com\/en\/wp-json\/wp\/v2\/types\/page"}],"author":[{"embeddable":true,"href":"https:\/\/isabelcarnicer.com\/en\/wp-json\/wp\/v2\/users\/1"}],"replies":[{"embeddable":true,"href":"https:\/\/isabelcarnicer.com\/en\/wp-json\/wp\/v2\/comments?post=55"}],"version-history":[{"count":71,"href":"https:\/\/isabelcarnicer.com\/en\/wp-json\/wp\/v2\/pages\/55\/revisions"}],"predecessor-version":[{"id":1326,"href":"https:\/\/isabelcarnicer.com\/en\/wp-json\/wp\/v2\/pages\/55\/revisions\/1326"}],"wp:attachment":[{"href":"https:\/\/isabelcarnicer.com\/en\/wp-json\/wp\/v2\/media?parent=55"}],"curies":[{"name":"wp","href":"https:\/\/api.w.org\/{rel}","templated":true}]}}