{"id":920,"date":"2022-08-18T07:37:34","date_gmt":"2022-08-18T07:37:34","guid":{"rendered":"https:\/\/isabelcarnicer.com\/?page_id=920"},"modified":"2022-08-23T15:16:25","modified_gmt":"2022-08-23T15:16:25","slug":"textures","status":"publish","type":"page","link":"https:\/\/isabelcarnicer.com\/en\/textures\/","title":{"rendered":"Textures"},"content":{"rendered":"<div class=\"wpb-content-wrapper\"><p>[vc_row row_height_percent=\u00bb0&#8243; overlay_alpha=\u00bb50&#8243; gutter_size=\u00bb3&#8243; column_width_percent=\u00bb100&#8243; shift_y=\u00bb0&#8243; z_index=\u00bb0&#8243; uncode_shortcode_id=\u00bb120239&#8243; row_name=\u00bbexposiciones\u00bb][vc_column width=\u00bb1\/1&#8243;][vc_custom_heading text_color=\u00bbcolor-179178&#8243; text_font=\u00bbfont-111996&#8243; text_weight=\u00bb400&#8243; uncode_shortcode_id=\u00bb110853&#8243; text_color_type=\u00bbuncode-palette\u00bb]Textures[\/vc_custom_heading][\/vc_column][\/vc_row][vc_row][vc_column width=\u00bb1\/4&#8243;][vc_single_image media=\u00bb912&#8243; media_lightbox=\u00bbyes\u00bb media_width_percent=\u00bb100&#8243; lbox_skin=\u00bbwhite\u00bb lbox_no_tmb=\u00bbyes\u00bb lbox_connected=\u00bbyes\u00bb uncode_shortcode_id=\u00bb188474&#8243;][vc_column_text uncode_shortcode_id=\u00bb112099&#8243;]<strong>Txingudi I<br \/>\n<\/strong>97\u00d7130 cm.<br \/>\nMixed technique on canvas.<br \/>\n<em>1999<\/em>[\/vc_column_text][\/vc_column][vc_column width=\u00bb1\/4&#8243;][vc_single_image media=\u00bb914&#8243; media_lightbox=\u00bbyes\u00bb media_width_percent=\u00bb100&#8243; lbox_skin=\u00bbwhite\u00bb lbox_no_tmb=\u00bbyes\u00bb lbox_connected=\u00bbyes\u00bb uncode_shortcode_id=\u00bb186635&#8243;][vc_column_text uncode_shortcode_id=\u00bb160679&#8243;]<strong>Recuerdos de Palenque<br \/>\n<\/strong>38,4\u00d730 cm.<br \/>\nMixed technique on canvas.<br \/>\n<em>1999<\/em>[\/vc_column_text][\/vc_column][vc_column width=\u00bb1\/4&#8243;][vc_single_image media=\u00bb916&#8243; media_lightbox=\u00bbyes\u00bb media_width_percent=\u00bb100&#8243; lbox_skin=\u00bbwhite\u00bb lbox_no_tmb=\u00bbyes\u00bb lbox_connected=\u00bbyes\u00bb uncode_shortcode_id=\u00bb175400&#8243;][vc_column_text uncode_shortcode_id=\u00bb145178&#8243;]<strong>Composici\u00f3n 16.99<br \/>\n<\/strong>38\u00d746 cm.<br \/>\nMixed technique on canvas.<br \/>\n<em>1999<\/em>[\/vc_column_text][\/vc_column][vc_column width=\u00bb1\/4&#8243;][vc_single_image media=\u00bb922&#8243; media_lightbox=\u00bbyes\u00bb media_width_percent=\u00bb100&#8243; lbox_skin=\u00bbwhite\u00bb lbox_no_tmb=\u00bbyes\u00bb lbox_connected=\u00bbyes\u00bb uncode_shortcode_id=\u00bb199677&#8243;][vc_column_text uncode_shortcode_id=\u00bb111784&#8243;]<strong>Estratos V<br \/>\n<\/strong>33\u00d724 cm.<br \/>\nMixed technique on canvas.<br \/>\n<em>2000<\/em>[\/vc_column_text][\/vc_column][\/vc_row][vc_row][vc_column width=\u00bb1\/4&#8243;][vc_single_image media=\u00bb925&#8243; media_lightbox=\u00bbyes\u00bb media_width_percent=\u00bb100&#8243; lbox_skin=\u00bbwhite\u00bb lbox_no_tmb=\u00bbyes\u00bb lbox_connected=\u00bbyes\u00bb uncode_shortcode_id=\u00bb110274&#8243;][vc_column_text uncode_shortcode_id=\u00bb966146&#8243;]<strong>Estratos VI<br \/>\n<\/strong>35\u00d727 cm.<br \/>\nMixed technique on canvas.<br \/>\n<em>200<\/em>[\/vc_column_text][\/vc_column][vc_column width=\u00bb1\/4&#8243;][vc_single_image media=\u00bb911&#8243; media_lightbox=\u00bbyes\u00bb media_width_percent=\u00bb100&#8243; lbox_skin=\u00bbwhite\u00bb lbox_no_tmb=\u00bbyes\u00bb lbox_connected=\u00bbyes\u00bb uncode_shortcode_id=\u00bb279725&#8243;][vc_column_text uncode_shortcode_id=\u00bb617597&#8243;]<strong>M.S.XVII<br \/>\n<\/strong>89\u00d7117 cm.<br \/>\nMixed technique on canvas.<br \/>\n<em>2001<\/em>[\/vc_column_text][\/vc_column][vc_column width=\u00bb1\/4&#8243;][vc_single_image media=\u00bb932&#8243; media_lightbox=\u00bbyes\u00bb media_width_percent=\u00bb100&#8243; lbox_skin=\u00bbwhite\u00bb lbox_no_tmb=\u00bbyes\u00bb lbox_connected=\u00bbyes\u00bb uncode_shortcode_id=\u00bb189324&#8243;][vc_column_text uncode_shortcode_id=\u00bb137000&#8243;]<strong>Untitled<br \/>\n<\/strong>33\u00d799 cm.<br \/>\nMixed technique on DM<br \/>\n<em>2001<\/em>[\/vc_column_text][\/vc_column][vc_column width=\u00bb1\/4&#8243;][vc_single_image media=\u00bb933&#8243; media_lightbox=\u00bbyes\u00bb media_width_percent=\u00bb100&#8243; lbox_skin=\u00bbwhite\u00bb lbox_no_tmb=\u00bbyes,yes\u00bb lbox_connected=\u00bbyes\u00bb uncode_shortcode_id=\u00bb122330&#8243;][vc_column_text uncode_shortcode_id=\u00bb868078&#8243;]<strong>Untitled<br \/>\n<\/strong>27,5&#215;17,5 cm.<br \/>\nMixed technique on cardboard<br \/>\n<em>2001<\/em>[\/vc_column_text][\/vc_column][\/vc_row][vc_row][vc_column width=\u00bb1\/4&#8243;][vc_single_image media=\u00bb913&#8243; media_lightbox=\u00bbyes\u00bb media_width_percent=\u00bb100&#8243; lbox_skin=\u00bbwhite\u00bb lbox_no_tmb=\u00bbyes\u00bb lbox_connected=\u00bbyes\u00bb uncode_shortcode_id=\u00bb439869&#8243;][vc_column_text uncode_shortcode_id=\u00bb209991&#8243;]<strong>Untitled<br \/>\n<\/strong>27,5\u00d717,5 cm.<br \/>\nMixed technique on cardboard<br \/>\n<em>2001<\/em>[\/vc_column_text][\/vc_column][vc_column width=\u00bb1\/4&#8243;][vc_single_image media=\u00bb923&#8243; media_lightbox=\u00bbyes\u00bb media_width_percent=\u00bb100&#8243; lbox_skin=\u00bbwhite\u00bb lbox_no_tmb=\u00bbyes\u00bb lbox_connected=\u00bbyes\u00bb uncode_shortcode_id=\u00bb112848&#8243;][vc_column_text uncode_shortcode_id=\u00bb295477&#8243;]<strong>Untitled<br \/>\n<\/strong>50\u00d729 cm.<br \/>\nMixed technique on cardboard<br \/>\n<em>2001<\/em>[\/vc_column_text][\/vc_column][vc_column width=\u00bb1\/4&#8243;][vc_single_image media=\u00bb924&#8243; media_lightbox=\u00bbyes\u00bb media_width_percent=\u00bb100&#8243; lbox_skin=\u00bbwhite\u00bb lbox_no_tmb=\u00bbyes\u00bb lbox_connected=\u00bbyes\u00bb uncode_shortcode_id=\u00bb170163&#8243;][vc_column_text uncode_shortcode_id=\u00bb136402&#8243;]<strong>Untitled<br \/>\n<\/strong>36,5\u00d732,5 cm.<br \/>\nMixed technique on cardboard<br \/>\n<em>2001<\/em>[\/vc_column_text][\/vc_column][vc_column width=\u00bb1\/4&#8243;][\/vc_column][\/vc_row][vc_row][vc_column width=\u00bb1\/1&#8243;][uncode_block id=\u00bb809&#8243;][\/vc_column][\/vc_row]<\/p>\n<\/div>","protected":false},"excerpt":{"rendered":"<p>[vc_row row_height_percent=\u00bb0&#8243; overlay_alpha=\u00bb50&#8243; gutter_size=\u00bb3&#8243; column_width_percent=\u00bb100&#8243; shift_y=\u00bb0&#8243; z_index=\u00bb0&#8243; uncode_shortcode_id=\u00bb120239&#8243; row_name=\u00bbexposiciones\u00bb][vc_column width=\u00bb1\/1&#8243;][vc_custom_heading text_color=\u00bbcolor-179178&#8243; text_font=\u00bbfont-111996&#8243; text_weight=\u00bb400&#8243; uncode_shortcode_id=\u00bb110853&#8243; text_color_type=\u00bbuncode-palette\u00bb]Textures[\/vc_custom_heading][\/vc_column][\/vc_row][vc_row][vc_column width=\u00bb1\/4&#8243;][vc_single_image media=\u00bb912&#8243; media_lightbox=\u00bbyes\u00bb media_width_percent=\u00bb100&#8243; lbox_skin=\u00bbwhite\u00bb [&hellip;]<\/p>\n","protected":false},"author":1,"featured_media":0,"parent":0,"menu_order":0,"comment_status":"closed","ping_status":"closed","template":"","meta":{"footnotes":""},"class_list":["post-920","page","type-page","status-publish","hentry"],"yoast_head":"<!-- This site is optimized with the Yoast SEO plugin v27.2 - https:\/\/yoast.com\/product\/yoast-seo-wordpress\/ -->\n<title>Textures - Isabel Carnicer. Artista<\/title>\n<meta name=\"robots\" content=\"index, follow, max-snippet:-1, max-image-preview:large, max-video-preview:-1\" \/>\n<link rel=\"canonical\" href=\"https:\/\/isabelcarnicer.com\/en\/textures\/\" \/>\n<meta property=\"og:locale\" content=\"es_ES\" \/>\n<meta property=\"og:type\" content=\"article\" \/>\n<meta property=\"og:title\" content=\"Textures - Isabel Carnicer. Artista\" \/>\n<meta property=\"og:description\" content=\"[vc_row row_height_percent=\u00bb0&#8243; overlay_alpha=\u00bb50&#8243; gutter_size=\u00bb3&#8243; column_width_percent=\u00bb100&#8243; shift_y=\u00bb0&#8243; z_index=\u00bb0&#8243; uncode_shortcode_id=\u00bb120239&#8243; row_name=\u00bbexposiciones\u00bb][vc_column width=\u00bb1\/1&#8243;][vc_custom_heading text_color=\u00bbcolor-179178&#8243; text_font=\u00bbfont-111996&#8243; text_weight=\u00bb400&#8243; uncode_shortcode_id=\u00bb110853&#8243; text_color_type=\u00bbuncode-palette\u00bb]Textures[\/vc_custom_heading][\/vc_column][\/vc_row][vc_row][vc_column width=\u00bb1\/4&#8243;][vc_single_image media=\u00bb912&#8243; media_lightbox=\u00bbyes\u00bb media_width_percent=\u00bb100&#8243; lbox_skin=\u00bbwhite\u00bb [&hellip;]\" \/>\n<meta property=\"og:url\" content=\"https:\/\/isabelcarnicer.com\/en\/textures\/\" \/>\n<meta property=\"og:site_name\" content=\"Isabel Carnicer. Artista\" \/>\n<meta property=\"article:modified_time\" content=\"2022-08-23T15:16:25+00:00\" \/>\n<meta name=\"twitter:card\" content=\"summary_large_image\" \/>\n<meta name=\"twitter:label1\" content=\"Tiempo de lectura\" \/>\n\t<meta name=\"twitter:data1\" content=\"2 minutos\" \/>\n<script type=\"application\/ld+json\" class=\"yoast-schema-graph\">{\"@context\":\"https:\/\/schema.org\",\"@graph\":[{\"@type\":\"WebPage\",\"@id\":\"https:\/\/isabelcarnicer.com\/en\/textures\/\",\"url\":\"https:\/\/isabelcarnicer.com\/en\/textures\/\",\"name\":\"Textures - Isabel Carnicer. Artista\",\"isPartOf\":{\"@id\":\"https:\/\/isabelcarnicer.com\/en\/#website\"},\"datePublished\":\"2022-08-18T07:37:34+00:00\",\"dateModified\":\"2022-08-23T15:16:25+00:00\",\"breadcrumb\":{\"@id\":\"https:\/\/isabelcarnicer.com\/en\/textures\/#breadcrumb\"},\"inLanguage\":\"es\",\"potentialAction\":[{\"@type\":\"ReadAction\",\"target\":[\"https:\/\/isabelcarnicer.com\/en\/textures\/\"]}]},{\"@type\":\"BreadcrumbList\",\"@id\":\"https:\/\/isabelcarnicer.com\/en\/textures\/#breadcrumb\",\"itemListElement\":[{\"@type\":\"ListItem\",\"position\":1,\"name\":\"Portada\",\"item\":\"https:\/\/isabelcarnicer.com\/en\/\"},{\"@type\":\"ListItem\",\"position\":2,\"name\":\"Textures\"}]},{\"@type\":\"WebSite\",\"@id\":\"https:\/\/isabelcarnicer.com\/en\/#website\",\"url\":\"https:\/\/isabelcarnicer.com\/en\/\",\"name\":\"Isabel Carnicer. Artista\",\"description\":\"Collage, el \u00faltimo proyecto de Isabel Carnicer, estar\u00e1 expuesto en #LaParedRojadeLaF\u00e1brica\",\"publisher\":{\"@id\":\"https:\/\/isabelcarnicer.com\/en\/#\/schema\/person\/dfd14b0f0081f3d777c945a5a4a86d83\"},\"potentialAction\":[{\"@type\":\"SearchAction\",\"target\":{\"@type\":\"EntryPoint\",\"urlTemplate\":\"https:\/\/isabelcarnicer.com\/en\/?s={search_term_string}\"},\"query-input\":{\"@type\":\"PropertyValueSpecification\",\"valueRequired\":true,\"valueName\":\"search_term_string\"}}],\"inLanguage\":\"es\"},{\"@type\":[\"Person\",\"Organization\"],\"@id\":\"https:\/\/isabelcarnicer.com\/en\/#\/schema\/person\/dfd14b0f0081f3d777c945a5a4a86d83\",\"name\":\"Isabel Carnicer\",\"image\":{\"@type\":\"ImageObject\",\"inLanguage\":\"es\",\"@id\":\"https:\/\/isabelcarnicer.com\/en\/wp-content\/uploads\/2017\/11\/favicon.png\",\"url\":\"https:\/\/isabelcarnicer.com\/en\/wp-content\/uploads\/2017\/11\/favicon.png\",\"contentUrl\":\"https:\/\/isabelcarnicer.com\/en\/wp-content\/uploads\/2017\/11\/favicon.png\",\"width\":288,\"height\":288,\"caption\":\"Isabel Carnicer\"},\"logo\":{\"@id\":\"https:\/\/isabelcarnicer.com\/en\/wp-content\/uploads\/2017\/11\/favicon.png\"}}]}<\/script>\n<!-- \/ Yoast SEO plugin. -->","yoast_head_json":{"title":"Textures - Isabel Carnicer. Artista","robots":{"index":"index","follow":"follow","max-snippet":"max-snippet:-1","max-image-preview":"max-image-preview:large","max-video-preview":"max-video-preview:-1"},"canonical":"https:\/\/isabelcarnicer.com\/en\/textures\/","og_locale":"es_ES","og_type":"article","og_title":"Textures - Isabel Carnicer. Artista","og_description":"[vc_row row_height_percent=\u00bb0&#8243; overlay_alpha=\u00bb50&#8243; gutter_size=\u00bb3&#8243; column_width_percent=\u00bb100&#8243; shift_y=\u00bb0&#8243; z_index=\u00bb0&#8243; uncode_shortcode_id=\u00bb120239&#8243; row_name=\u00bbexposiciones\u00bb][vc_column width=\u00bb1\/1&#8243;][vc_custom_heading text_color=\u00bbcolor-179178&#8243; text_font=\u00bbfont-111996&#8243; text_weight=\u00bb400&#8243; uncode_shortcode_id=\u00bb110853&#8243; text_color_type=\u00bbuncode-palette\u00bb]Textures[\/vc_custom_heading][\/vc_column][\/vc_row][vc_row][vc_column width=\u00bb1\/4&#8243;][vc_single_image media=\u00bb912&#8243; media_lightbox=\u00bbyes\u00bb media_width_percent=\u00bb100&#8243; lbox_skin=\u00bbwhite\u00bb [&hellip;]","og_url":"https:\/\/isabelcarnicer.com\/en\/textures\/","og_site_name":"Isabel Carnicer. Artista","article_modified_time":"2022-08-23T15:16:25+00:00","twitter_card":"summary_large_image","twitter_misc":{"Tiempo de lectura":"2 minutos"},"schema":{"@context":"https:\/\/schema.org","@graph":[{"@type":"WebPage","@id":"https:\/\/isabelcarnicer.com\/en\/textures\/","url":"https:\/\/isabelcarnicer.com\/en\/textures\/","name":"Textures - Isabel Carnicer. Artista","isPartOf":{"@id":"https:\/\/isabelcarnicer.com\/en\/#website"},"datePublished":"2022-08-18T07:37:34+00:00","dateModified":"2022-08-23T15:16:25+00:00","breadcrumb":{"@id":"https:\/\/isabelcarnicer.com\/en\/textures\/#breadcrumb"},"inLanguage":"es","potentialAction":[{"@type":"ReadAction","target":["https:\/\/isabelcarnicer.com\/en\/textures\/"]}]},{"@type":"BreadcrumbList","@id":"https:\/\/isabelcarnicer.com\/en\/textures\/#breadcrumb","itemListElement":[{"@type":"ListItem","position":1,"name":"Portada","item":"https:\/\/isabelcarnicer.com\/en\/"},{"@type":"ListItem","position":2,"name":"Textures"}]},{"@type":"WebSite","@id":"https:\/\/isabelcarnicer.com\/en\/#website","url":"https:\/\/isabelcarnicer.com\/en\/","name":"Isabel Carnicer. Artista","description":"Collage, el \u00faltimo proyecto de Isabel Carnicer, estar\u00e1 expuesto en #LaParedRojadeLaF\u00e1brica","publisher":{"@id":"https:\/\/isabelcarnicer.com\/en\/#\/schema\/person\/dfd14b0f0081f3d777c945a5a4a86d83"},"potentialAction":[{"@type":"SearchAction","target":{"@type":"EntryPoint","urlTemplate":"https:\/\/isabelcarnicer.com\/en\/?s={search_term_string}"},"query-input":{"@type":"PropertyValueSpecification","valueRequired":true,"valueName":"search_term_string"}}],"inLanguage":"es"},{"@type":["Person","Organization"],"@id":"https:\/\/isabelcarnicer.com\/en\/#\/schema\/person\/dfd14b0f0081f3d777c945a5a4a86d83","name":"Isabel Carnicer","image":{"@type":"ImageObject","inLanguage":"es","@id":"https:\/\/isabelcarnicer.com\/en\/wp-content\/uploads\/2017\/11\/favicon.png","url":"https:\/\/isabelcarnicer.com\/en\/wp-content\/uploads\/2017\/11\/favicon.png","contentUrl":"https:\/\/isabelcarnicer.com\/en\/wp-content\/uploads\/2017\/11\/favicon.png","width":288,"height":288,"caption":"Isabel Carnicer"},"logo":{"@id":"https:\/\/isabelcarnicer.com\/en\/wp-content\/uploads\/2017\/11\/favicon.png"}}]}},"_links":{"self":[{"href":"https:\/\/isabelcarnicer.com\/en\/wp-json\/wp\/v2\/pages\/920","targetHints":{"allow":["GET"]}}],"collection":[{"href":"https:\/\/isabelcarnicer.com\/en\/wp-json\/wp\/v2\/pages"}],"about":[{"href":"https:\/\/isabelcarnicer.com\/en\/wp-json\/wp\/v2\/types\/page"}],"author":[{"embeddable":true,"href":"https:\/\/isabelcarnicer.com\/en\/wp-json\/wp\/v2\/users\/1"}],"replies":[{"embeddable":true,"href":"https:\/\/isabelcarnicer.com\/en\/wp-json\/wp\/v2\/comments?post=920"}],"version-history":[{"count":15,"href":"https:\/\/isabelcarnicer.com\/en\/wp-json\/wp\/v2\/pages\/920\/revisions"}],"predecessor-version":[{"id":1101,"href":"https:\/\/isabelcarnicer.com\/en\/wp-json\/wp\/v2\/pages\/920\/revisions\/1101"}],"wp:attachment":[{"href":"https:\/\/isabelcarnicer.com\/en\/wp-json\/wp\/v2\/media?parent=920"}],"curies":[{"name":"wp","href":"https:\/\/api.w.org\/{rel}","templated":true}]}}