{"id":963,"date":"2022-08-18T14:15:03","date_gmt":"2022-08-18T14:15:03","guid":{"rendered":"https:\/\/isabelcarnicer.com\/?page_id=963"},"modified":"2024-10-17T17:58:21","modified_gmt":"2024-10-17T17:58:21","slug":"geometrias","status":"publish","type":"page","link":"https:\/\/isabelcarnicer.com\/en\/geometrias\/","title":{"rendered":"Geometr\u00edas"},"content":{"rendered":"<div class=\"wpb-content-wrapper\"><p>[vc_row row_height_percent=\u00bb0&#8243; overlay_alpha=\u00bb50&#8243; gutter_size=\u00bb3&#8243; column_width_percent=\u00bb100&#8243; shift_y=\u00bb0&#8243; z_index=\u00bb0&#8243; uncode_shortcode_id=\u00bb120239&#8243; row_name=\u00bbexposiciones\u00bb][vc_column width=\u00bb1\/1&#8243;][vc_custom_heading text_color=\u00bbcolor-179178&#8243; text_font=\u00bbfont-111996&#8243; text_weight=\u00bb400&#8243; uncode_shortcode_id=\u00bb186519&#8243; text_color_type=\u00bbuncode-palette\u00bb]geometr\u00edas[\/vc_custom_heading][\/vc_column][\/vc_row][vc_row][vc_column width=\u00bb1\/4&#8243;][vc_single_image media=\u00bb1268&#8243; media_lightbox=\u00bbyes\u00bb media_width_percent=\u00bb100&#8243; lbox_skin=\u00bbwhite\u00bb lbox_transparency=\u00bbopaque\u00bb lbox_connected=\u00bbyes\u00bb lbox_no_tmb=\u00bbyes,yes\u00bb uncode_shortcode_id=\u00bb191814&#8243;][vc_column_text uncode_shortcode_id=\u00bb198682&#8243;]<strong>Untitled<br \/>\n<\/strong>27,5 x 24,5 cm.<br \/>\nWatercolor, graphite, thread and vinyl on paper.<br \/>\n<em>2024<\/em><\/p>\n<p>[\/vc_column_text][\/vc_column][vc_column width=\u00bb1\/4&#8243;][vc_single_image media=\u00bb1269&#8243; media_lightbox=\u00bbyes\u00bb media_width_percent=\u00bb100&#8243; lbox_skin=\u00bbwhite\u00bb lbox_transparency=\u00bbopaque\u00bb lbox_connected=\u00bbyes\u00bb lbox_no_tmb=\u00bbyes,yes\u00bb uncode_shortcode_id=\u00bb161167&#8243;][vc_column_text uncode_shortcode_id=\u00bb332532&#8243;]<strong>Untitled<br \/>\n<\/strong>21,8 x 28,7 cm.<br \/>\nWatercolor, thread,graphite, vinyl and collage.<br \/>\n<em>2024<\/em>[\/vc_column_text][\/vc_column][vc_column width=\u00bb1\/4&#8243;][vc_single_image media=\u00bb1248&#8243; media_lightbox=\u00bbyes\u00bb media_width_percent=\u00bb100&#8243; lbox_skin=\u00bbwhite\u00bb lbox_transparency=\u00bbopaque\u00bb lbox_connected=\u00bbyes\u00bb lbox_no_tmb=\u00bbyes,yes\u00bb uncode_shortcode_id=\u00bb163171&#8243;][vc_column_text uncode_shortcode_id=\u00bb661696&#8243;]<strong>Untitled<br \/>\n<\/strong>36 x 27,5 cm.<br \/>\nWatercolor, thread and vinyl on paper.<br \/>\n<em>2024<\/em>[\/vc_column_text][\/vc_column][vc_column width=\u00bb1\/4&#8243;][vc_single_image media=\u00bb1249&#8243; media_lightbox=\u00bbyes\u00bb media_width_percent=\u00bb100&#8243; lbox_skin=\u00bbwhite\u00bb lbox_transparency=\u00bbopaque\u00bb lbox_connected=\u00bbyes\u00bb lbox_no_tmb=\u00bbyes,yes\u00bb uncode_shortcode_id=\u00bb133433&#8243;][vc_column_text uncode_shortcode_id=\u00bb113275&#8243;]<strong>Untitled<\/strong><br \/>\n22 x 27 cm.<br \/>\nWatercolor, graphite, thread and vinyl on paper.<br \/>\n<em>2024<\/em>[\/vc_column_text][\/vc_column][\/vc_row][vc_row][vc_column width=\u00bb1\/4&#8243;][vc_single_image media=\u00bb1261&#8243; media_lightbox=\u00bbyes\u00bb media_width_percent=\u00bb100&#8243; lbox_skin=\u00bbwhite\u00bb lbox_transparency=\u00bbopaque\u00bb lbox_connected=\u00bbyes\u00bb lbox_no_tmb=\u00bbyes,yes\u00bb uncode_shortcode_id=\u00bb142512&#8243;][vc_column_text uncode_shortcode_id=\u00bb377949&#8243;]<strong>Untitled<br \/>\n<\/strong>27,9 x 23 cm.<br \/>\nWatercolor, thread, graphite and vinyl on paper.<br \/>\n<em>2024<\/em>[\/vc_column_text][\/vc_column][vc_column width=\u00bb1\/4&#8243;][vc_single_image media=\u00bb1264&#8243; media_lightbox=\u00bbyes\u00bb media_width_percent=\u00bb100&#8243; lbox_skin=\u00bbwhite\u00bb lbox_transparency=\u00bbopaque\u00bb lbox_connected=\u00bbyes\u00bb lbox_no_tmb=\u00bbyes,yes\u00bb uncode_shortcode_id=\u00bb200212&#8243;][vc_column_text uncode_shortcode_id=\u00bb169663&#8243;]<strong>Untitled<br \/>\n<\/strong>32,9 x 25,6 cm.<br \/>\nWatercolor, thread, graphite, vinyl, and collage on paper.<br \/>\n<em>2024<\/em>[\/vc_column_text][\/vc_column][vc_column width=\u00bb1\/4&#8243;][vc_single_image media=\u00bb1259&#8243; media_lightbox=\u00bbyes\u00bb media_width_percent=\u00bb100&#8243; lbox_skin=\u00bbwhite\u00bb lbox_transparency=\u00bbopaque\u00bb lbox_connected=\u00bbyes\u00bb lbox_no_tmb=\u00bbyes,yes\u00bb uncode_shortcode_id=\u00bb168568&#8243;][vc_column_text uncode_shortcode_id=\u00bb535576&#8243;]<strong>Untitled<br \/>\n<\/strong>13,4 x 20,6 cm.<br \/>\nWatercolor, thread and graphite on paper.<br \/>\n<em>2023<\/em>[\/vc_column_text][\/vc_column][vc_column width=\u00bb1\/4&#8243;][vc_single_image media=\u00bb1260&#8243; media_lightbox=\u00bbyes\u00bb media_width_percent=\u00bb100&#8243; lbox_skin=\u00bbwhite\u00bb lbox_transparency=\u00bbopaque\u00bb lbox_connected=\u00bbyes\u00bb lbox_no_tmb=\u00bbyes,yes\u00bb uncode_shortcode_id=\u00bb126698&#8243;][vc_column_text uncode_shortcode_id=\u00bb180425&#8243;]<strong>Untitled<br \/>\n<\/strong>21,2 x 11,1 cm.<br \/>\nWatercolor, thread and graphite on paper.<br \/>\n<em>2023<\/em>[\/vc_column_text][\/vc_column][\/vc_row][vc_row][vc_column width=\u00bb1\/4&#8243;][vc_single_image media=\u00bb1262&#8243; media_lightbox=\u00bbyes\u00bb media_width_percent=\u00bb100&#8243; lbox_skin=\u00bbwhite\u00bb lbox_transparency=\u00bbopaque\u00bb lbox_connected=\u00bbyes\u00bb lbox_no_tmb=\u00bbyes,yes\u00bb uncode_shortcode_id=\u00bb171860&#8243;][vc_column_text uncode_shortcode_id=\u00bb169935&#8243;]<strong>Untitled<br \/>\n<\/strong>31 x 21,5 cm.<br \/>\nWatercolor, thread, graphite and vinyl on paper.<br \/>\n<em>2023<\/em>[\/vc_column_text][\/vc_column][vc_column width=\u00bb1\/4&#8243;][vc_single_image media=\u00bb1263&#8243; media_lightbox=\u00bbyes\u00bb media_width_percent=\u00bb100&#8243; lbox_skin=\u00bbwhite\u00bb lbox_transparency=\u00bbopaque\u00bb lbox_connected=\u00bbyes\u00bb lbox_no_tmb=\u00bbyes,yes\u00bb uncode_shortcode_id=\u00bb144431&#8243;][vc_column_text uncode_shortcode_id=\u00bb291197&#8243;]<strong>Untitled<br \/>\n<\/strong>29 x 24 cm.<br \/>\nWatercolor, thread and graphite on paper.<br \/>\n<em>2023<\/em>[\/vc_column_text][\/vc_column][vc_column width=\u00bb1\/4&#8243;][vc_single_image media=\u00bb1265&#8243; media_lightbox=\u00bbyes\u00bb media_width_percent=\u00bb100&#8243; lbox_skin=\u00bbwhite\u00bb lbox_transparency=\u00bbopaque\u00bb lbox_connected=\u00bbyes\u00bb lbox_no_tmb=\u00bbyes,yes\u00bb uncode_shortcode_id=\u00bb136545&#8243;][vc_column_text uncode_shortcode_id=\u00bb119992&#8243;]<strong>Untitled<br \/>\n<\/strong>28,5 x 21,6 cm.<br \/>\nWatercolor, graphite and thread on paper.<br \/>\n<em>2023<\/em>[\/vc_column_text][\/vc_column][vc_column width=\u00bb1\/4&#8243;][vc_single_image media=\u00bb1266&#8243; media_lightbox=\u00bbyes\u00bb media_width_percent=\u00bb100&#8243; lbox_skin=\u00bbwhite\u00bb lbox_transparency=\u00bbopaque\u00bb lbox_connected=\u00bbyes\u00bb lbox_no_tmb=\u00bbyes,yes\u00bb uncode_shortcode_id=\u00bb104376&#8243;][vc_column_text uncode_shortcode_id=\u00bb383418&#8243;]<strong>Untitled<br \/>\n<\/strong>14,9 x 24 cm.<br \/>\nWatercolor, thread and graphite on paper.<br \/>\n<em>2023<\/em>[\/vc_column_text][\/vc_column][\/vc_row][vc_row][vc_column width=\u00bb1\/4&#8243;][vc_single_image media=\u00bb1190&#8243; media_lightbox=\u00bbyes\u00bb media_width_percent=\u00bb100&#8243; lbox_skin=\u00bbwhite\u00bb lbox_transparency=\u00bbopaque\u00bb lbox_connected=\u00bbyes\u00bb lbox_no_tmb=\u00bbyes,yes\u00bb uncode_shortcode_id=\u00bb311563&#8243;][vc_column_text uncode_shortcode_id=\u00bb373947&#8243;]<strong>Untitled<br \/>\n<\/strong>14 x 21 cm.<br \/>\nWatercolor and thread on paper.<br \/>\n<em>2023<\/em>[\/vc_column_text][\/vc_column][vc_column width=\u00bb1\/4&#8243;][vc_single_image media=\u00bb1267&#8243; media_lightbox=\u00bbyes\u00bb media_width_percent=\u00bb100&#8243; lbox_skin=\u00bbwhite\u00bb lbox_transparency=\u00bbopaque\u00bb lbox_connected=\u00bbyes\u00bb lbox_no_tmb=\u00bbyes,yes\u00bb uncode_shortcode_id=\u00bb848107&#8243;][vc_column_text uncode_shortcode_id=\u00bb105718&#8243;]<strong>Untitled<br \/>\n<\/strong>26 x 20 cm.<br \/>\nWatercolor, thread, graphite and vinyl on paper.<br \/>\n<em>2023<\/em>[\/vc_column_text][\/vc_column][vc_column width=\u00bb1\/4&#8243;][vc_single_image media=\u00bb1187&#8243; media_lightbox=\u00bbyes\u00bb media_width_percent=\u00bb100&#8243; lbox_skin=\u00bbwhite\u00bb lbox_transparency=\u00bbopaque\u00bb lbox_connected=\u00bbyes\u00bb lbox_no_tmb=\u00bbyes,yes\u00bb uncode_shortcode_id=\u00bb131370&#8243;][vc_column_text uncode_shortcode_id=\u00bb115781&#8243;]<strong>Untitled<br \/>\n<\/strong>19 x 14,3 cm.<br \/>\nWatercolor, graphite and thread on paper.<br \/>\n<em>2023<\/em>[\/vc_column_text][\/vc_column][vc_column width=\u00bb1\/4&#8243;][vc_single_image media=\u00bb1180&#8243; media_lightbox=\u00bbyes\u00bb media_width_percent=\u00bb100&#8243; lbox_skin=\u00bbwhite\u00bb lbox_transparency=\u00bbopaque\u00bb lbox_connected=\u00bbyes\u00bb lbox_no_tmb=\u00bbyes,yes\u00bb uncode_shortcode_id=\u00bb378231&#8243;][vc_column_text uncode_shortcode_id=\u00bb865463&#8243;]<strong>Untitled<br \/>\n<\/strong>28 x 22 cm.<br \/>\nWatercolor, thread, vinyl and graphite on paper.<br \/>\n<em>2023<\/em>[\/vc_column_text][\/vc_column][\/vc_row][vc_row][vc_column width=\u00bb1\/4&#8243;][vc_single_image media=\u00bb1174&#8243; media_lightbox=\u00bbyes\u00bb media_width_percent=\u00bb100&#8243; lbox_skin=\u00bbwhite\u00bb lbox_transparency=\u00bbopaque\u00bb lbox_connected=\u00bbyes\u00bb lbox_no_tmb=\u00bbyes,yes\u00bb uncode_shortcode_id=\u00bb926732&#8243;][vc_column_text uncode_shortcode_id=\u00bb526237&#8243;]<strong>Untitled<br \/>\n<\/strong>14,3 x 21,3 cm.<br \/>\nWatercolor, thread, graphite and vinyl on paper.<br \/>\n<em>2023<\/em>[\/vc_column_text][\/vc_column][vc_column width=\u00bb1\/4&#8243;][\/vc_column][vc_column width=\u00bb1\/4&#8243;][\/vc_column][vc_column width=\u00bb1\/4&#8243;][\/vc_column][\/vc_row][vc_row][vc_column width=\u00bb1\/1&#8243;][uncode_block id=\u00bb809&#8243;][\/vc_column][\/vc_row]<\/p>\n<\/div>","protected":false},"excerpt":{"rendered":"<p>[vc_row row_height_percent=\u00bb0&#8243; overlay_alpha=\u00bb50&#8243; gutter_size=\u00bb3&#8243; column_width_percent=\u00bb100&#8243; shift_y=\u00bb0&#8243; z_index=\u00bb0&#8243; uncode_shortcode_id=\u00bb120239&#8243; row_name=\u00bbexposiciones\u00bb][vc_column width=\u00bb1\/1&#8243;][vc_custom_heading text_color=\u00bbcolor-179178&#8243; text_font=\u00bbfont-111996&#8243; text_weight=\u00bb400&#8243; uncode_shortcode_id=\u00bb186519&#8243; text_color_type=\u00bbuncode-palette\u00bb]geometr\u00edas[\/vc_custom_heading][\/vc_column][\/vc_row][vc_row][vc_column width=\u00bb1\/4&#8243;][vc_single_image media=\u00bb1268&#8243; media_lightbox=\u00bbyes\u00bb media_width_percent=\u00bb100&#8243; lbox_skin=\u00bbwhite\u00bb [&hellip;]<\/p>\n","protected":false},"author":1,"featured_media":1187,"parent":0,"menu_order":0,"comment_status":"closed","ping_status":"closed","template":"","meta":{"footnotes":""},"class_list":["post-963","page","type-page","status-publish","has-post-thumbnail","hentry"],"yoast_head":"<!-- This site is optimized with the Yoast SEO plugin v27.2 - https:\/\/yoast.com\/product\/yoast-seo-wordpress\/ -->\n<title>Geometr\u00edas - Isabel Carnicer. Artista<\/title>\n<meta name=\"robots\" content=\"index, follow, max-snippet:-1, max-image-preview:large, max-video-preview:-1\" \/>\n<link rel=\"canonical\" href=\"https:\/\/isabelcarnicer.com\/en\/recent-work\/\" \/>\n<meta property=\"og:locale\" content=\"es_ES\" \/>\n<meta property=\"og:type\" content=\"article\" \/>\n<meta property=\"og:title\" content=\"Geometr\u00edas - Isabel Carnicer. Artista\" \/>\n<meta property=\"og:description\" content=\"[vc_row row_height_percent=\u00bb0&#8243; overlay_alpha=\u00bb50&#8243; gutter_size=\u00bb3&#8243; column_width_percent=\u00bb100&#8243; shift_y=\u00bb0&#8243; z_index=\u00bb0&#8243; uncode_shortcode_id=\u00bb120239&#8243; row_name=\u00bbexposiciones\u00bb][vc_column width=\u00bb1\/1&#8243;][vc_custom_heading text_color=\u00bbcolor-179178&#8243; text_font=\u00bbfont-111996&#8243; text_weight=\u00bb400&#8243; uncode_shortcode_id=\u00bb186519&#8243; text_color_type=\u00bbuncode-palette\u00bb]geometr\u00edas[\/vc_custom_heading][\/vc_column][\/vc_row][vc_row][vc_column width=\u00bb1\/4&#8243;][vc_single_image media=\u00bb1268&#8243; media_lightbox=\u00bbyes\u00bb media_width_percent=\u00bb100&#8243; lbox_skin=\u00bbwhite\u00bb [&hellip;]\" \/>\n<meta property=\"og:url\" content=\"https:\/\/isabelcarnicer.com\/en\/recent-work\/\" \/>\n<meta property=\"og:site_name\" content=\"Isabel Carnicer. Artista\" \/>\n<meta property=\"article:modified_time\" content=\"2024-10-17T17:58:21+00:00\" \/>\n<meta property=\"og:image\" content=\"https:\/\/isabelcarnicer.com\/en\/wp-content\/uploads\/2023\/03\/3.png\" \/>\n\t<meta property=\"og:image:width\" content=\"886\" \/>\n\t<meta property=\"og:image:height\" content=\"1200\" \/>\n\t<meta property=\"og:image:type\" content=\"image\/png\" \/>\n<meta name=\"twitter:card\" content=\"summary_large_image\" \/>\n<meta name=\"twitter:label1\" content=\"Tiempo de lectura\" \/>\n\t<meta name=\"twitter:data1\" content=\"2 minutos\" \/>\n<script type=\"application\/ld+json\" class=\"yoast-schema-graph\">{\"@context\":\"https:\/\/schema.org\",\"@graph\":[{\"@type\":\"WebPage\",\"@id\":\"https:\/\/isabelcarnicer.com\/en\/recent-work\/\",\"url\":\"https:\/\/isabelcarnicer.com\/en\/recent-work\/\",\"name\":\"Geometr\u00edas - Isabel Carnicer. Artista\",\"isPartOf\":{\"@id\":\"https:\/\/isabelcarnicer.com\/en\/#website\"},\"primaryImageOfPage\":{\"@id\":\"https:\/\/isabelcarnicer.com\/en\/recent-work\/#primaryimage\"},\"image\":{\"@id\":\"https:\/\/isabelcarnicer.com\/en\/recent-work\/#primaryimage\"},\"thumbnailUrl\":\"https:\/\/isabelcarnicer.com\/en\/wp-content\/uploads\/2023\/03\/3.png\",\"datePublished\":\"2022-08-18T14:15:03+00:00\",\"dateModified\":\"2024-10-17T17:58:21+00:00\",\"breadcrumb\":{\"@id\":\"https:\/\/isabelcarnicer.com\/en\/recent-work\/#breadcrumb\"},\"inLanguage\":\"es\",\"potentialAction\":[{\"@type\":\"ReadAction\",\"target\":[\"https:\/\/isabelcarnicer.com\/en\/recent-work\/\"]}]},{\"@type\":\"ImageObject\",\"inLanguage\":\"es\",\"@id\":\"https:\/\/isabelcarnicer.com\/en\/recent-work\/#primaryimage\",\"url\":\"https:\/\/isabelcarnicer.com\/en\/wp-content\/uploads\/2023\/03\/3.png\",\"contentUrl\":\"https:\/\/isabelcarnicer.com\/en\/wp-content\/uploads\/2023\/03\/3.png\",\"width\":886,\"height\":1200,\"caption\":\"Last work. Isabel Carnicer 2023\"},{\"@type\":\"BreadcrumbList\",\"@id\":\"https:\/\/isabelcarnicer.com\/en\/recent-work\/#breadcrumb\",\"itemListElement\":[{\"@type\":\"ListItem\",\"position\":1,\"name\":\"Portada\",\"item\":\"https:\/\/isabelcarnicer.com\/en\/\"},{\"@type\":\"ListItem\",\"position\":2,\"name\":\"recent work\"}]},{\"@type\":\"WebSite\",\"@id\":\"https:\/\/isabelcarnicer.com\/en\/#website\",\"url\":\"https:\/\/isabelcarnicer.com\/en\/\",\"name\":\"Isabel Carnicer. Artista\",\"description\":\"Collage, el \u00faltimo proyecto de Isabel Carnicer, estar\u00e1 expuesto en #LaParedRojadeLaF\u00e1brica\",\"publisher\":{\"@id\":\"https:\/\/isabelcarnicer.com\/en\/#\/schema\/person\/dfd14b0f0081f3d777c945a5a4a86d83\"},\"potentialAction\":[{\"@type\":\"SearchAction\",\"target\":{\"@type\":\"EntryPoint\",\"urlTemplate\":\"https:\/\/isabelcarnicer.com\/en\/?s={search_term_string}\"},\"query-input\":{\"@type\":\"PropertyValueSpecification\",\"valueRequired\":true,\"valueName\":\"search_term_string\"}}],\"inLanguage\":\"es\"},{\"@type\":[\"Person\",\"Organization\"],\"@id\":\"https:\/\/isabelcarnicer.com\/en\/#\/schema\/person\/dfd14b0f0081f3d777c945a5a4a86d83\",\"name\":\"Isabel Carnicer\",\"image\":{\"@type\":\"ImageObject\",\"inLanguage\":\"es\",\"@id\":\"https:\/\/isabelcarnicer.com\/en\/wp-content\/uploads\/2017\/11\/favicon.png\",\"url\":\"https:\/\/isabelcarnicer.com\/en\/wp-content\/uploads\/2017\/11\/favicon.png\",\"contentUrl\":\"https:\/\/isabelcarnicer.com\/en\/wp-content\/uploads\/2017\/11\/favicon.png\",\"width\":288,\"height\":288,\"caption\":\"Isabel Carnicer\"},\"logo\":{\"@id\":\"https:\/\/isabelcarnicer.com\/en\/wp-content\/uploads\/2017\/11\/favicon.png\"}}]}<\/script>\n<!-- \/ Yoast SEO plugin. -->","yoast_head_json":{"title":"Geometr\u00edas - Isabel Carnicer. Artista","robots":{"index":"index","follow":"follow","max-snippet":"max-snippet:-1","max-image-preview":"max-image-preview:large","max-video-preview":"max-video-preview:-1"},"canonical":"https:\/\/isabelcarnicer.com\/en\/recent-work\/","og_locale":"es_ES","og_type":"article","og_title":"Geometr\u00edas - Isabel Carnicer. Artista","og_description":"[vc_row row_height_percent=\u00bb0&#8243; overlay_alpha=\u00bb50&#8243; gutter_size=\u00bb3&#8243; column_width_percent=\u00bb100&#8243; shift_y=\u00bb0&#8243; z_index=\u00bb0&#8243; uncode_shortcode_id=\u00bb120239&#8243; row_name=\u00bbexposiciones\u00bb][vc_column width=\u00bb1\/1&#8243;][vc_custom_heading text_color=\u00bbcolor-179178&#8243; text_font=\u00bbfont-111996&#8243; text_weight=\u00bb400&#8243; uncode_shortcode_id=\u00bb186519&#8243; text_color_type=\u00bbuncode-palette\u00bb]geometr\u00edas[\/vc_custom_heading][\/vc_column][\/vc_row][vc_row][vc_column width=\u00bb1\/4&#8243;][vc_single_image media=\u00bb1268&#8243; media_lightbox=\u00bbyes\u00bb media_width_percent=\u00bb100&#8243; lbox_skin=\u00bbwhite\u00bb [&hellip;]","og_url":"https:\/\/isabelcarnicer.com\/en\/recent-work\/","og_site_name":"Isabel Carnicer. Artista","article_modified_time":"2024-10-17T17:58:21+00:00","og_image":[{"width":886,"height":1200,"url":"https:\/\/isabelcarnicer.com\/en\/wp-content\/uploads\/2023\/03\/3.png","type":"image\/png"}],"twitter_card":"summary_large_image","twitter_misc":{"Tiempo de lectura":"2 minutos"},"schema":{"@context":"https:\/\/schema.org","@graph":[{"@type":"WebPage","@id":"https:\/\/isabelcarnicer.com\/en\/recent-work\/","url":"https:\/\/isabelcarnicer.com\/en\/recent-work\/","name":"Geometr\u00edas - Isabel Carnicer. Artista","isPartOf":{"@id":"https:\/\/isabelcarnicer.com\/en\/#website"},"primaryImageOfPage":{"@id":"https:\/\/isabelcarnicer.com\/en\/recent-work\/#primaryimage"},"image":{"@id":"https:\/\/isabelcarnicer.com\/en\/recent-work\/#primaryimage"},"thumbnailUrl":"https:\/\/isabelcarnicer.com\/en\/wp-content\/uploads\/2023\/03\/3.png","datePublished":"2022-08-18T14:15:03+00:00","dateModified":"2024-10-17T17:58:21+00:00","breadcrumb":{"@id":"https:\/\/isabelcarnicer.com\/en\/recent-work\/#breadcrumb"},"inLanguage":"es","potentialAction":[{"@type":"ReadAction","target":["https:\/\/isabelcarnicer.com\/en\/recent-work\/"]}]},{"@type":"ImageObject","inLanguage":"es","@id":"https:\/\/isabelcarnicer.com\/en\/recent-work\/#primaryimage","url":"https:\/\/isabelcarnicer.com\/en\/wp-content\/uploads\/2023\/03\/3.png","contentUrl":"https:\/\/isabelcarnicer.com\/en\/wp-content\/uploads\/2023\/03\/3.png","width":886,"height":1200,"caption":"Last work. Isabel Carnicer 2023"},{"@type":"BreadcrumbList","@id":"https:\/\/isabelcarnicer.com\/en\/recent-work\/#breadcrumb","itemListElement":[{"@type":"ListItem","position":1,"name":"Portada","item":"https:\/\/isabelcarnicer.com\/en\/"},{"@type":"ListItem","position":2,"name":"recent work"}]},{"@type":"WebSite","@id":"https:\/\/isabelcarnicer.com\/en\/#website","url":"https:\/\/isabelcarnicer.com\/en\/","name":"Isabel Carnicer. Artista","description":"Collage, el \u00faltimo proyecto de Isabel Carnicer, estar\u00e1 expuesto en #LaParedRojadeLaF\u00e1brica","publisher":{"@id":"https:\/\/isabelcarnicer.com\/en\/#\/schema\/person\/dfd14b0f0081f3d777c945a5a4a86d83"},"potentialAction":[{"@type":"SearchAction","target":{"@type":"EntryPoint","urlTemplate":"https:\/\/isabelcarnicer.com\/en\/?s={search_term_string}"},"query-input":{"@type":"PropertyValueSpecification","valueRequired":true,"valueName":"search_term_string"}}],"inLanguage":"es"},{"@type":["Person","Organization"],"@id":"https:\/\/isabelcarnicer.com\/en\/#\/schema\/person\/dfd14b0f0081f3d777c945a5a4a86d83","name":"Isabel Carnicer","image":{"@type":"ImageObject","inLanguage":"es","@id":"https:\/\/isabelcarnicer.com\/en\/wp-content\/uploads\/2017\/11\/favicon.png","url":"https:\/\/isabelcarnicer.com\/en\/wp-content\/uploads\/2017\/11\/favicon.png","contentUrl":"https:\/\/isabelcarnicer.com\/en\/wp-content\/uploads\/2017\/11\/favicon.png","width":288,"height":288,"caption":"Isabel Carnicer"},"logo":{"@id":"https:\/\/isabelcarnicer.com\/en\/wp-content\/uploads\/2017\/11\/favicon.png"}}]}},"_links":{"self":[{"href":"https:\/\/isabelcarnicer.com\/en\/wp-json\/wp\/v2\/pages\/963","targetHints":{"allow":["GET"]}}],"collection":[{"href":"https:\/\/isabelcarnicer.com\/en\/wp-json\/wp\/v2\/pages"}],"about":[{"href":"https:\/\/isabelcarnicer.com\/en\/wp-json\/wp\/v2\/types\/page"}],"author":[{"embeddable":true,"href":"https:\/\/isabelcarnicer.com\/en\/wp-json\/wp\/v2\/users\/1"}],"replies":[{"embeddable":true,"href":"https:\/\/isabelcarnicer.com\/en\/wp-json\/wp\/v2\/comments?post=963"}],"version-history":[{"count":41,"href":"https:\/\/isabelcarnicer.com\/en\/wp-json\/wp\/v2\/pages\/963\/revisions"}],"predecessor-version":[{"id":1276,"href":"https:\/\/isabelcarnicer.com\/en\/wp-json\/wp\/v2\/pages\/963\/revisions\/1276"}],"wp:featuredmedia":[{"embeddable":true,"href":"https:\/\/isabelcarnicer.com\/en\/wp-json\/wp\/v2\/media\/1187"}],"wp:attachment":[{"href":"https:\/\/isabelcarnicer.com\/en\/wp-json\/wp\/v2\/media?parent=963"}],"curies":[{"name":"wp","href":"https:\/\/api.w.org\/{rel}","templated":true}]}}